{"id":54243,"date":"2023-11-03T09:30:00","date_gmt":"2023-11-03T08:30:00","guid":{"rendered":"https:\/\/relaisgourmet.com\/eventi-relais-gourmet\/"},"modified":"2023-11-03T09:30:00","modified_gmt":"2023-11-03T08:30:00","slug":"eventi-relais-gourmet","status":"publish","type":"page","link":"https:\/\/relaisgourmet.com\/it\/eventi-relais-gourmet\/","title":{"rendered":"Eventi Relais Gourmet."},"content":{"rendered":"<p>Trova tutti gli eventi Relais Gourmet qui! <\/p>\n<h3>Fiera di la Roche Guyon, dal 3 al 5 novembre.<\/h3>\n<p>Vieni a trovarci alla Fiera del Vino e dei Prodotti Tipici al Salone di la Roche Guyon!<br \/>Trova tutti i nostri Foies Gras e Aperitivi gourmet 100% francesi, senza conservanti, n\u00e9 additivi n\u00e9 coloranti! <\/p>\n<p>Trovaci venerd\u00ec 3 novembre dalle 16:00 alle 21:00, sabato 4 novembre dalle 10:00 alle 19:00 e domenica 5 novembre dalle 10:00 alle 18:00. <\/p>\n<p>Maggiori informazioni qui: https:\/\/www.salonduvin.org\/<\/p>\n<p>\t\t\t\t\t\t\t\t\t\t\t\t\t\t\t<img decoding=\"async\" width=\"960\" height=\"450\" src=\"https:\/\/relaisgourmet.com\/wp-content\/uploads\/2023\/11\/image.png\" alt=\"\" loading=\"lazy\" srcset=\"https:\/\/relaisgourmet.com\/wp-content\/uploads\/2023\/11\/image.png 960w, https:\/\/relaisgourmet.com\/wp-content\/uploads\/2023\/11\/image-300x141.png 300w, https:\/\/relaisgourmet.com\/wp-content\/uploads\/2023\/11\/image-768x360.png 768w, https:\/\/relaisgourmet.com\/wp-content\/uploads\/2023\/11\/image-600x281.png 600w\" sizes=\"auto, (max-width: 960px) 100vw, 960px\">\t\t\t\t\t\t\t\t\t\t\t\t\t\t\t<\/p>\n<h3>Fiera dei Vini e Prodotti Tipici di S\u00e9vrier, il 10, 11 e 12 novembre.<\/h3>\n<p>Trovaci alla 24\u00aa Fiera dei Vini e dei Prodotti Tipici di S\u00e9vrier con tutti i nostri Foies Gras e Aperitivi gourmet 100% francesi, senza conservanti, n\u00e9 additivi n\u00e9 coloranti! <\/p>\n<p>Si svolge presso il Complesso di Animazione di S\u00e9vrier, a soli 10 minuti da Annecy! <br \/>Venerd\u00ec 10 novembre dalle 14:00 alle 19:30.<br \/>Sabato 11 novembre dalle 10:00 alle 19:30.<br \/>Domenica 12 novembre dalle 10:00 alle 19:00.<\/p>\n<p>Maggiori informazioni qui: https:\/\/www.salondesvins.org\/le-salon\/<\/p>\n<p>\t\t\t\t\t\t\t\t\t\t\t\t\t\t\t<img decoding=\"async\" width=\"1024\" height=\"1024\" src=\"https:\/\/relaisgourmet.com\/wp-content\/uploads\/2023\/11\/1-1024x1024.png\" alt=\"Salone di S\u00e9vrier (Annecy)\" loading=\"lazy\" srcset=\"https:\/\/relaisgourmet.com\/wp-content\/uploads\/2023\/11\/1-1024x1024.png 1024w, https:\/\/relaisgourmet.com\/wp-content\/uploads\/2023\/11\/1-300x300.png 300w, https:\/\/relaisgourmet.com\/wp-content\/uploads\/2023\/11\/1-150x150.png 150w, https:\/\/relaisgourmet.com\/wp-content\/uploads\/2023\/11\/1-768x768.png 768w, https:\/\/relaisgourmet.com\/wp-content\/uploads\/2023\/11\/1-600x600.png 600w, https:\/\/relaisgourmet.com\/wp-content\/uploads\/2023\/11\/1-100x100.png 100w, https:\/\/relaisgourmet.com\/wp-content\/uploads\/2023\/11\/1.png 1080w\" sizes=\"auto, (max-width: 1024px) 100vw, 1024px\">\t\t\t\t\t\t\t\t\t\t\t\t\t\t\t<\/p>\n<h3>Salone Vini e Sapori di Chevreuse, l&#8217;11 e 12 novembre<\/h3>\n<p>Venite a trovarci al Salone Vini e Sapori di Chevreuse presso lo Spazio Fernand L\u00e9ger sabato e domenica 11 e 12 novembre dalle 10:00 alle 18:00! In programma, i nostri deliziosi foie gras e aperitivi gourmet 100% francesi, senza conservanti, additivi o coloranti! <\/p>\n<p>\t\t\t\t\t\t\t\t\t\t\t\t\t\t\t<img decoding=\"async\" width=\"1024\" height=\"1024\" src=\"https:\/\/relaisgourmet.com\/wp-content\/uploads\/2023\/11\/Design-sans-titre-4-1024x1024.png\" alt=\"\" loading=\"lazy\" srcset=\"https:\/\/relaisgourmet.com\/wp-content\/uploads\/2023\/11\/Design-sans-titre-4-1024x1024.png 1024w, https:\/\/relaisgourmet.com\/wp-content\/uploads\/2023\/11\/Design-sans-titre-4-300x300.png 300w, https:\/\/relaisgourmet.com\/wp-content\/uploads\/2023\/11\/Design-sans-titre-4-150x150.png 150w, https:\/\/relaisgourmet.com\/wp-content\/uploads\/2023\/11\/Design-sans-titre-4-768x768.png 768w, https:\/\/relaisgourmet.com\/wp-content\/uploads\/2023\/11\/Design-sans-titre-4-600x600.png 600w, https:\/\/relaisgourmet.com\/wp-content\/uploads\/2023\/11\/Design-sans-titre-4-100x100.png 100w, https:\/\/relaisgourmet.com\/wp-content\/uploads\/2023\/11\/Design-sans-titre-4.png 1080w\" sizes=\"auto, (max-width: 1024px) 100vw, 1024px\">\t\t\t\t\t\t\t\t\t\t\t\t\t\t\t<\/p>\n<h3>Forum dei vini e dei prodotti regionali di Bois-Colombes, il 18 e 19 novembre<\/h3>\n<p>Venite a trovarci per il 29\u00ba Forum dei vini e dei prodotti regionali di Bois-Colombes il 18 e 19 novembre dalle 10:00 alle 19:00 presso il Complesso Sportivo Jean Jaur\u00e8s in Avenue Vaudreuil, con tutti i nostri foie gras e aperitivi gourmet artigianali 100% francesi, senza conservanti, coloranti o additivi! <\/p>\n<p>\t\t\t\t\t\t\t\t\t\t\t\t\t\t\t<img decoding=\"async\" width=\"1024\" height=\"1024\" src=\"https:\/\/relaisgourmet.com\/wp-content\/uploads\/2023\/11\/Design-sans-titre-5-1024x1024.png\" alt=\"\" loading=\"lazy\" srcset=\"https:\/\/relaisgourmet.com\/wp-content\/uploads\/2023\/11\/Design-sans-titre-5-1024x1024.png 1024w, https:\/\/relaisgourmet.com\/wp-content\/uploads\/2023\/11\/Design-sans-titre-5-300x300.png 300w, https:\/\/relaisgourmet.com\/wp-content\/uploads\/2023\/11\/Design-sans-titre-5-150x150.png 150w, https:\/\/relaisgourmet.com\/wp-content\/uploads\/2023\/11\/Design-sans-titre-5-768x768.png 768w, https:\/\/relaisgourmet.com\/wp-content\/uploads\/2023\/11\/Design-sans-titre-5-600x600.png 600w, https:\/\/relaisgourmet.com\/wp-content\/uploads\/2023\/11\/Design-sans-titre-5-100x100.png 100w, https:\/\/relaisgourmet.com\/wp-content\/uploads\/2023\/11\/Design-sans-titre-5.png 1080w\" sizes=\"auto, (max-width: 1024px) 100vw, 1024px\">\t\t\t\t\t\t\t\t\t\t\t\t\t\t\t<\/p>\n<h3>Salone dei Vini e dei prodotti regionali di Morainvillers, 25 e 26 novembre<\/h3>\n<p>Il salone si trova nella sala del tempo libero di Morainvilliers! <br \/>Venite a trovarci e scoprite i nostri deliziosi foie gras e aperitivi gourmet 100% francesi, senza conservanti, coloranti o additivi! <\/p>\n<p>Saremo presenti sabato 25 novembre dalle 10:00 alle 19:00 e domenica 26 novembre dalle 10:00 alle 17:00!<\/p>\n<p>\t\t\t\t\t\t\t\t\t\t\t\t\t\t\t<img decoding=\"async\" width=\"1024\" height=\"1024\" src=\"https:\/\/relaisgourmet.com\/wp-content\/uploads\/2023\/11\/Design-sans-titre-6-1024x1024.png\" alt=\"\" loading=\"lazy\" srcset=\"https:\/\/relaisgourmet.com\/wp-content\/uploads\/2023\/11\/Design-sans-titre-6-1024x1024.png 1024w, https:\/\/relaisgourmet.com\/wp-content\/uploads\/2023\/11\/Design-sans-titre-6-300x300.png 300w, https:\/\/relaisgourmet.com\/wp-content\/uploads\/2023\/11\/Design-sans-titre-6-150x150.png 150w, https:\/\/relaisgourmet.com\/wp-content\/uploads\/2023\/11\/Design-sans-titre-6-768x768.png 768w, https:\/\/relaisgourmet.com\/wp-content\/uploads\/2023\/11\/Design-sans-titre-6-600x600.png 600w, https:\/\/relaisgourmet.com\/wp-content\/uploads\/2023\/11\/Design-sans-titre-6-100x100.png 100w, https:\/\/relaisgourmet.com\/wp-content\/uploads\/2023\/11\/Design-sans-titre-6.png 1080w\" sizes=\"auto, (max-width: 1024px) 100vw, 1024px\"><\/p>\n","protected":false},"excerpt":{"rendered":"<p>Trova tutti gli eventi Relais Gourmet qui! Fiera di la Roche Guyon, dal 3 al 5 novembre. Vieni a trovarci alla Fiera del Vino e dei Prodotti Tipici al Salone di la Roche Guyon!Trova tutti i nostri Foies Gras e Aperitivi gourmet 100% francesi, senza conservanti, n\u00e9 additivi n\u00e9 coloranti! Trovaci venerd\u00ec 3 novembre dalle [&hellip;]<\/p>\n","protected":false},"author":1,"featured_media":0,"parent":0,"menu_order":0,"comment_status":"open","ping_status":"closed","template":"","meta":{"footnotes":""},"class_list":["post-54243","page","type-page","status-publish","hentry"],"yoast_head":"<!-- This site is optimized with the Yoast SEO Premium plugin v27.4 (Yoast SEO v27.5) - https:\/\/yoast.com\/product\/yoast-seo-premium-wordpress\/ -->\n<title>Eventi Relais Gourmet.<\/title>\n<meta name=\"description\" content=\"Scopri tutti i nostri eventi Relais Gourmet, le fiere a cui partecipiamo e gli annunci importanti di ogni tipo!\" \/>\n<meta name=\"robots\" content=\"index, follow, max-snippet:-1, max-image-preview:large, max-video-preview:-1\" \/>\n<link rel=\"canonical\" href=\"https:\/\/relaisgourmet.com\/it\/eventi-relais-gourmet\/\" \/>\n<meta property=\"og:locale\" content=\"it_IT\" \/>\n<meta property=\"og:type\" content=\"article\" \/>\n<meta property=\"og:title\" content=\"Eventi Relais Gourmet.\" \/>\n<meta property=\"og:description\" content=\"Scopri tutti i nostri eventi Relais Gourmet, le fiere a cui partecipiamo e gli annunci importanti di ogni tipo!\" \/>\n<meta property=\"og:url\" content=\"https:\/\/relaisgourmet.com\/it\/eventi-relais-gourmet\/\" \/>\n<meta property=\"og:site_name\" content=\"Relais Gourmet\" \/>\n<meta property=\"article:publisher\" content=\"https:\/\/facebook.com\/yoast\" \/>\n<meta property=\"og:image\" content=\"https:\/\/relaisgourmet.com\/wp-content\/uploads\/2023\/11\/image.png\" \/>\n<meta name=\"twitter:card\" content=\"summary_large_image\" \/>\n<meta name=\"twitter:label1\" content=\"Tempo di lettura stimato\" \/>\n\t<meta name=\"twitter:data1\" content=\"1 minuto\" \/>\n<script type=\"application\/ld+json\" class=\"yoast-schema-graph\">{\"@context\":\"https:\\\/\\\/schema.org\",\"@graph\":[{\"@type\":\"WebPage\",\"@id\":\"https:\\\/\\\/relaisgourmet.com\\\/it\\\/eventi-relais-gourmet\\\/\",\"url\":\"https:\\\/\\\/relaisgourmet.com\\\/it\\\/eventi-relais-gourmet\\\/\",\"name\":\"Eventi Relais Gourmet.\",\"isPartOf\":{\"@id\":\"https:\\\/\\\/relaisgourmet.com\\\/it\\\/#website\"},\"primaryImageOfPage\":{\"@id\":\"https:\\\/\\\/relaisgourmet.com\\\/it\\\/eventi-relais-gourmet\\\/#primaryimage\"},\"image\":{\"@id\":\"https:\\\/\\\/relaisgourmet.com\\\/it\\\/eventi-relais-gourmet\\\/#primaryimage\"},\"thumbnailUrl\":\"https:\\\/\\\/relaisgourmet.com\\\/wp-content\\\/uploads\\\/2023\\\/11\\\/image.png\",\"datePublished\":\"2023-11-03T08:30:00+00:00\",\"description\":\"Scopri tutti i nostri eventi Relais Gourmet, le fiere a cui partecipiamo e gli annunci importanti di ogni tipo!\",\"breadcrumb\":{\"@id\":\"https:\\\/\\\/relaisgourmet.com\\\/it\\\/eventi-relais-gourmet\\\/#breadcrumb\"},\"inLanguage\":\"it-IT\",\"potentialAction\":[{\"@type\":\"ReadAction\",\"target\":[\"https:\\\/\\\/relaisgourmet.com\\\/it\\\/eventi-relais-gourmet\\\/\"]}]},{\"@type\":\"ImageObject\",\"inLanguage\":\"it-IT\",\"@id\":\"https:\\\/\\\/relaisgourmet.com\\\/it\\\/eventi-relais-gourmet\\\/#primaryimage\",\"url\":\"https:\\\/\\\/relaisgourmet.com\\\/wp-content\\\/uploads\\\/2023\\\/11\\\/image.png\",\"contentUrl\":\"https:\\\/\\\/relaisgourmet.com\\\/wp-content\\\/uploads\\\/2023\\\/11\\\/image.png\"},{\"@type\":\"BreadcrumbList\",\"@id\":\"https:\\\/\\\/relaisgourmet.com\\\/it\\\/eventi-relais-gourmet\\\/#breadcrumb\",\"itemListElement\":[{\"@type\":\"ListItem\",\"position\":1,\"name\":\"Casa\",\"item\":\"https:\\\/\\\/relaisgourmet.com\\\/it\\\/\"},{\"@type\":\"ListItem\",\"position\":2,\"name\":\"Eventi Relais Gourmet.\"}]},{\"@type\":\"WebSite\",\"@id\":\"https:\\\/\\\/relaisgourmet.com\\\/it\\\/#website\",\"url\":\"https:\\\/\\\/relaisgourmet.com\\\/it\\\/\",\"name\":\"Relais Gourmet\",\"description\":\"Maison Gastronomique au Pays-Basque Depuis 2004\",\"publisher\":{\"@id\":\"https:\\\/\\\/relaisgourmet.com\\\/it\\\/#organization\"},\"potentialAction\":[{\"@type\":\"SearchAction\",\"target\":{\"@type\":\"EntryPoint\",\"urlTemplate\":\"https:\\\/\\\/relaisgourmet.com\\\/it\\\/?s={search_term_string}\"},\"query-input\":{\"@type\":\"PropertyValueSpecification\",\"valueRequired\":true,\"valueName\":\"search_term_string\"}}],\"inLanguage\":\"it-IT\"},{\"@type\":\"Organization\",\"@id\":\"https:\\\/\\\/relaisgourmet.com\\\/it\\\/#organization\",\"name\":\"Relais Gourmet\",\"url\":\"https:\\\/\\\/relaisgourmet.com\\\/it\\\/\",\"logo\":{\"@type\":\"ImageObject\",\"inLanguage\":\"it-IT\",\"@id\":\"https:\\\/\\\/relaisgourmet.com\\\/it\\\/#\\\/schema\\\/logo\\\/image\\\/\",\"url\":\"https:\\\/\\\/relaisgourmet.com\\\/wp-content\\\/uploads\\\/2024\\\/11\\\/Diseno-sin-titulo-8.jpg\",\"contentUrl\":\"https:\\\/\\\/relaisgourmet.com\\\/wp-content\\\/uploads\\\/2024\\\/11\\\/Diseno-sin-titulo-8.jpg\",\"width\":500,\"height\":500,\"caption\":\"Relais Gourmet\"},\"image\":{\"@id\":\"https:\\\/\\\/relaisgourmet.com\\\/it\\\/#\\\/schema\\\/logo\\\/image\\\/\"},\"sameAs\":[\"https:\\\/\\\/facebook.com\\\/yoast\",\"https:\\\/\\\/instagram.com\\\/yoast\"]}]}<\/script>\n<!-- \/ Yoast SEO Premium plugin. -->","yoast_head_json":{"title":"Eventi Relais Gourmet.","description":"Scopri tutti i nostri eventi Relais Gourmet, le fiere a cui partecipiamo e gli annunci importanti di ogni tipo!","robots":{"index":"index","follow":"follow","max-snippet":"max-snippet:-1","max-image-preview":"max-image-preview:large","max-video-preview":"max-video-preview:-1"},"canonical":"https:\/\/relaisgourmet.com\/it\/eventi-relais-gourmet\/","og_locale":"it_IT","og_type":"article","og_title":"Eventi Relais Gourmet.","og_description":"Scopri tutti i nostri eventi Relais Gourmet, le fiere a cui partecipiamo e gli annunci importanti di ogni tipo!","og_url":"https:\/\/relaisgourmet.com\/it\/eventi-relais-gourmet\/","og_site_name":"Relais Gourmet","article_publisher":"https:\/\/facebook.com\/yoast","og_image":[{"url":"https:\/\/relaisgourmet.com\/wp-content\/uploads\/2023\/11\/image.png","type":"","width":"","height":""}],"twitter_card":"summary_large_image","twitter_misc":{"Tempo di lettura stimato":"1 minuto"},"schema":{"@context":"https:\/\/schema.org","@graph":[{"@type":"WebPage","@id":"https:\/\/relaisgourmet.com\/it\/eventi-relais-gourmet\/","url":"https:\/\/relaisgourmet.com\/it\/eventi-relais-gourmet\/","name":"Eventi Relais Gourmet.","isPartOf":{"@id":"https:\/\/relaisgourmet.com\/it\/#website"},"primaryImageOfPage":{"@id":"https:\/\/relaisgourmet.com\/it\/eventi-relais-gourmet\/#primaryimage"},"image":{"@id":"https:\/\/relaisgourmet.com\/it\/eventi-relais-gourmet\/#primaryimage"},"thumbnailUrl":"https:\/\/relaisgourmet.com\/wp-content\/uploads\/2023\/11\/image.png","datePublished":"2023-11-03T08:30:00+00:00","description":"Scopri tutti i nostri eventi Relais Gourmet, le fiere a cui partecipiamo e gli annunci importanti di ogni tipo!","breadcrumb":{"@id":"https:\/\/relaisgourmet.com\/it\/eventi-relais-gourmet\/#breadcrumb"},"inLanguage":"it-IT","potentialAction":[{"@type":"ReadAction","target":["https:\/\/relaisgourmet.com\/it\/eventi-relais-gourmet\/"]}]},{"@type":"ImageObject","inLanguage":"it-IT","@id":"https:\/\/relaisgourmet.com\/it\/eventi-relais-gourmet\/#primaryimage","url":"https:\/\/relaisgourmet.com\/wp-content\/uploads\/2023\/11\/image.png","contentUrl":"https:\/\/relaisgourmet.com\/wp-content\/uploads\/2023\/11\/image.png"},{"@type":"BreadcrumbList","@id":"https:\/\/relaisgourmet.com\/it\/eventi-relais-gourmet\/#breadcrumb","itemListElement":[{"@type":"ListItem","position":1,"name":"Casa","item":"https:\/\/relaisgourmet.com\/it\/"},{"@type":"ListItem","position":2,"name":"Eventi Relais Gourmet."}]},{"@type":"WebSite","@id":"https:\/\/relaisgourmet.com\/it\/#website","url":"https:\/\/relaisgourmet.com\/it\/","name":"Relais Gourmet","description":"Maison Gastronomique au Pays-Basque Depuis 2004","publisher":{"@id":"https:\/\/relaisgourmet.com\/it\/#organization"},"potentialAction":[{"@type":"SearchAction","target":{"@type":"EntryPoint","urlTemplate":"https:\/\/relaisgourmet.com\/it\/?s={search_term_string}"},"query-input":{"@type":"PropertyValueSpecification","valueRequired":true,"valueName":"search_term_string"}}],"inLanguage":"it-IT"},{"@type":"Organization","@id":"https:\/\/relaisgourmet.com\/it\/#organization","name":"Relais Gourmet","url":"https:\/\/relaisgourmet.com\/it\/","logo":{"@type":"ImageObject","inLanguage":"it-IT","@id":"https:\/\/relaisgourmet.com\/it\/#\/schema\/logo\/image\/","url":"https:\/\/relaisgourmet.com\/wp-content\/uploads\/2024\/11\/Diseno-sin-titulo-8.jpg","contentUrl":"https:\/\/relaisgourmet.com\/wp-content\/uploads\/2024\/11\/Diseno-sin-titulo-8.jpg","width":500,"height":500,"caption":"Relais Gourmet"},"image":{"@id":"https:\/\/relaisgourmet.com\/it\/#\/schema\/logo\/image\/"},"sameAs":["https:\/\/facebook.com\/yoast","https:\/\/instagram.com\/yoast"]}]}},"_links":{"self":[{"href":"https:\/\/relaisgourmet.com\/it\/wp-json\/wp\/v2\/pages\/54243","targetHints":{"allow":["GET"]}}],"collection":[{"href":"https:\/\/relaisgourmet.com\/it\/wp-json\/wp\/v2\/pages"}],"about":[{"href":"https:\/\/relaisgourmet.com\/it\/wp-json\/wp\/v2\/types\/page"}],"author":[{"embeddable":true,"href":"https:\/\/relaisgourmet.com\/it\/wp-json\/wp\/v2\/users\/1"}],"replies":[{"embeddable":true,"href":"https:\/\/relaisgourmet.com\/it\/wp-json\/wp\/v2\/comments?post=54243"}],"version-history":[{"count":0,"href":"https:\/\/relaisgourmet.com\/it\/wp-json\/wp\/v2\/pages\/54243\/revisions"}],"wp:attachment":[{"href":"https:\/\/relaisgourmet.com\/it\/wp-json\/wp\/v2\/media?parent=54243"}],"curies":[{"name":"wp","href":"https:\/\/api.w.org\/{rel}","templated":true}]}}