{"id":54094,"date":"2023-11-03T09:30:00","date_gmt":"2023-11-03T08:30:00","guid":{"rendered":"https:\/\/relaisgourmet.com\/eventos-relais-gourmet\/"},"modified":"2023-11-03T09:30:00","modified_gmt":"2023-11-03T08:30:00","slug":"eventos-relais-gourmet","status":"publish","type":"page","link":"https:\/\/relaisgourmet.com\/es\/eventos-relais-gourmet\/","title":{"rendered":"Eventos Relais Gourmet"},"content":{"rendered":"<p>\u00a1Encuentra todos los eventos de Relais Gourmet aqu\u00ed! <\/p>\n<h3>Salon de la Roche Guyon, 3 au 5 novembre<\/h3>\n<p>Ven a vernos al Salon du Vin et des Produits du Terroir en el Salon de la Roche Guyon !<br \/>\u00a1Encuentra todos nuestros Foie Gras y Aperitivos gourmet 100% franceses, sin conservantes, ni aditivos ni colorantes! <\/p>\n<p>No vemos el viernes 3 de noviembre de 16h a 21h, el s\u00e1bado 4 de noviembre de 10h a 19h, y el domingo 5 de noviembre de 10h a 18h. <\/p>\n<p>Para m\u00e1s informaci\u00f3n : https:\/\/www.salonduvin.org\/<\/p>\n<p>\t\t\t\t\t\t\t\t\t\t\t\t\t\t\t<img decoding=\"async\" width=\"960\" height=\"450\" src=\"https:\/\/relaisgourmet.com\/wp-content\/uploads\/2023\/11\/image.png\" alt=\"\" loading=\"lazy\" srcset=\"https:\/\/relaisgourmet.com\/wp-content\/uploads\/2023\/11\/image.png 960w, https:\/\/relaisgourmet.com\/wp-content\/uploads\/2023\/11\/image-300x141.png 300w, https:\/\/relaisgourmet.com\/wp-content\/uploads\/2023\/11\/image-768x360.png 768w, https:\/\/relaisgourmet.com\/wp-content\/uploads\/2023\/11\/image-600x281.png 600w\" sizes=\"auto, (max-width: 960px) 100vw, 960px\">\t\t\t\t\t\t\t\t\t\t\t\t\t\t\t<\/p>\n<h3>Salon des Vins et produits de terroir de S\u00e9vrier, el 10, 11 y 12 de noviembre<\/h3>\n<p>\u00a1Estaremos en la 24\u00aa Feria de Vinos y Productos Locales de S\u00e9vrier con todos nuestros Foie Gras y Aperitivos gourmet 100% franceses, sin conservantes, aditivos ni colorantes! <\/p>\n<p>\u00a1Esto tendr\u00e1 lugar en el Complejo de Animaci\u00f3n de S\u00e9vrier, a solo 10 minutos de Annecy! <br \/>El viernes 10 de noviembre de 14h a 19h30<br \/>El s\u00e1bado 11 de noviembre de 10h a 19h30<br \/>El domingo 12 de noviembre de 10h a 19h<\/p>\n<p>Para m\u00e1s informaci\u00f3n : https:\/\/www.salondesvins.org\/le-salon\/<\/p>\n<p>\t\t\t\t\t\t\t\t\t\t\t\t\t\t\t<img decoding=\"async\" width=\"1024\" height=\"1024\" src=\"https:\/\/relaisgourmet.com\/wp-content\/uploads\/2023\/11\/1-1024x1024.png\" alt=\"Salon de S\u00e9vrier (Annecy)\" loading=\"lazy\" srcset=\"https:\/\/relaisgourmet.com\/wp-content\/uploads\/2023\/11\/1-1024x1024.png 1024w, https:\/\/relaisgourmet.com\/wp-content\/uploads\/2023\/11\/1-300x300.png 300w, https:\/\/relaisgourmet.com\/wp-content\/uploads\/2023\/11\/1-150x150.png 150w, https:\/\/relaisgourmet.com\/wp-content\/uploads\/2023\/11\/1-768x768.png 768w, https:\/\/relaisgourmet.com\/wp-content\/uploads\/2023\/11\/1-600x600.png 600w, https:\/\/relaisgourmet.com\/wp-content\/uploads\/2023\/11\/1-100x100.png 100w, https:\/\/relaisgourmet.com\/wp-content\/uploads\/2023\/11\/1.png 1080w\" sizes=\"auto, (max-width: 1024px) 100vw, 1024px\">\t\t\t\t\t\t\t\t\t\t\t\t\t\t\t<\/p>\n<h3>Salon Vins et saveurs de Chevreuse, el 11 y 12 de noviembre<\/h3>\n<p>\u00a1Estaremos en el Salon Vins et Saveurs de Chevreuse en el Espacio Fernand L\u00e9ger el s\u00e1bado 11 y el domingo 12 de noviembre de 10h a 18h! \u00a1En el programa, nuestros deliciosos Foie Gras y aperitivos gourmet 100% franceses, sin conservantes, sin aditivos ni colorantes! <\/p>\n<p>\t\t\t\t\t\t\t\t\t\t\t\t\t\t\t<img decoding=\"async\" width=\"1024\" height=\"1024\" src=\"https:\/\/relaisgourmet.com\/wp-content\/uploads\/2023\/11\/Design-sans-titre-4-1024x1024.png\" alt=\"\" loading=\"lazy\" srcset=\"https:\/\/relaisgourmet.com\/wp-content\/uploads\/2023\/11\/Design-sans-titre-4-1024x1024.png 1024w, https:\/\/relaisgourmet.com\/wp-content\/uploads\/2023\/11\/Design-sans-titre-4-300x300.png 300w, https:\/\/relaisgourmet.com\/wp-content\/uploads\/2023\/11\/Design-sans-titre-4-150x150.png 150w, https:\/\/relaisgourmet.com\/wp-content\/uploads\/2023\/11\/Design-sans-titre-4-768x768.png 768w, https:\/\/relaisgourmet.com\/wp-content\/uploads\/2023\/11\/Design-sans-titre-4-600x600.png 600w, https:\/\/relaisgourmet.com\/wp-content\/uploads\/2023\/11\/Design-sans-titre-4-100x100.png 100w, https:\/\/relaisgourmet.com\/wp-content\/uploads\/2023\/11\/Design-sans-titre-4.png 1080w\" sizes=\"auto, (max-width: 1024px) 100vw, 1024px\">\t\t\t\t\t\t\t\t\t\t\t\t\t\t\t<\/p>\n<h3>Forum des vins et des produits r\u00e9gionaux de Bois Colombes, el 18 et 19 de noviembre<\/h3>\n<p>\u00a1Estaremos en el 29\u00ba Foro de Vinos y Productos Regionales de Bois-Colombes el 18 y 19 de noviembre de 10h a 19h en el Complejo Deportivo Jean Jaur\u00e8s, Avenida Vaudreuil, con todos nuestros Foie Gras y aperitivos gourmet artesanales 100% franceses, sin conservantes, sin colorantes ni aditivos! <\/p>\n<p>\t\t\t\t\t\t\t\t\t\t\t\t\t\t\t<img decoding=\"async\" width=\"1024\" height=\"1024\" src=\"https:\/\/relaisgourmet.com\/wp-content\/uploads\/2023\/11\/Design-sans-titre-5-1024x1024.png\" alt=\"\" loading=\"lazy\" srcset=\"https:\/\/relaisgourmet.com\/wp-content\/uploads\/2023\/11\/Design-sans-titre-5-1024x1024.png 1024w, https:\/\/relaisgourmet.com\/wp-content\/uploads\/2023\/11\/Design-sans-titre-5-300x300.png 300w, https:\/\/relaisgourmet.com\/wp-content\/uploads\/2023\/11\/Design-sans-titre-5-150x150.png 150w, https:\/\/relaisgourmet.com\/wp-content\/uploads\/2023\/11\/Design-sans-titre-5-768x768.png 768w, https:\/\/relaisgourmet.com\/wp-content\/uploads\/2023\/11\/Design-sans-titre-5-600x600.png 600w, https:\/\/relaisgourmet.com\/wp-content\/uploads\/2023\/11\/Design-sans-titre-5-100x100.png 100w, https:\/\/relaisgourmet.com\/wp-content\/uploads\/2023\/11\/Design-sans-titre-5.png 1080w\" sizes=\"auto, (max-width: 1024px) 100vw, 1024px\">\t\t\t\t\t\t\t\t\t\t\t\t\t\t\t<\/p>\n<h3>Salon des Vins et produits r\u00e9gionaux de Morainvillers, 25 et 26 noviembre<\/h3>\n<p>\u00a1La feria se encuentra en la sala de ocio de Morainvilliers! <br \/>\u00a1Ven a vernos y descubre nuestros deliciosos Foie Gras y aperitivos gourmet 100% franceses, sin conservantes, sin colorantes ni aditivos! <\/p>\n<p>\u00a1Estaremos presentes el s\u00e1bado 25 de noviembre de 10h a 19h y el domingo 26 de noviembre de 10h a 17h!<\/p>\n<p>\t\t\t\t\t\t\t\t\t\t\t\t\t\t\t<img decoding=\"async\" width=\"1024\" height=\"1024\" src=\"https:\/\/relaisgourmet.com\/wp-content\/uploads\/2023\/11\/Design-sans-titre-6-1024x1024.png\" alt=\"\" loading=\"lazy\" srcset=\"https:\/\/relaisgourmet.com\/wp-content\/uploads\/2023\/11\/Design-sans-titre-6-1024x1024.png 1024w, https:\/\/relaisgourmet.com\/wp-content\/uploads\/2023\/11\/Design-sans-titre-6-300x300.png 300w, https:\/\/relaisgourmet.com\/wp-content\/uploads\/2023\/11\/Design-sans-titre-6-150x150.png 150w, https:\/\/relaisgourmet.com\/wp-content\/uploads\/2023\/11\/Design-sans-titre-6-768x768.png 768w, https:\/\/relaisgourmet.com\/wp-content\/uploads\/2023\/11\/Design-sans-titre-6-600x600.png 600w, https:\/\/relaisgourmet.com\/wp-content\/uploads\/2023\/11\/Design-sans-titre-6-100x100.png 100w, https:\/\/relaisgourmet.com\/wp-content\/uploads\/2023\/11\/Design-sans-titre-6.png 1080w\" sizes=\"auto, (max-width: 1024px) 100vw, 1024px\"><\/p>\n","protected":false},"excerpt":{"rendered":"<p>\u00a1Encuentra todos los eventos de Relais Gourmet aqu\u00ed! Salon de la Roche Guyon, 3 au 5 novembre Ven a vernos al Salon du Vin et des Produits du Terroir en el Salon de la Roche Guyon !\u00a1Encuentra todos nuestros Foie Gras y Aperitivos gourmet 100% franceses, sin conservantes, ni aditivos ni colorantes! No vemos el [&hellip;]<\/p>\n","protected":false},"author":1,"featured_media":0,"parent":0,"menu_order":0,"comment_status":"open","ping_status":"closed","template":"","meta":{"footnotes":""},"class_list":["post-54094","page","type-page","status-publish","hentry"],"yoast_head":"<!-- This site is optimized with the Yoast SEO Premium plugin v27.4 (Yoast SEO v27.5) - https:\/\/yoast.com\/product\/yoast-seo-premium-wordpress\/ -->\n<title>Eventos Relais Gourmet<\/title>\n<meta name=\"description\" content=\"\u00a1Descubre todos nuestros eventos Relais Gourmet, los salones en los que participamos y anuncios importantes de todo tipo!\" \/>\n<meta name=\"robots\" content=\"index, follow, max-snippet:-1, max-image-preview:large, max-video-preview:-1\" \/>\n<link rel=\"canonical\" href=\"https:\/\/relaisgourmet.com\/es\/eventos-relais-gourmet\/\" \/>\n<meta property=\"og:locale\" content=\"es_ES\" \/>\n<meta property=\"og:type\" content=\"article\" \/>\n<meta property=\"og:title\" content=\"Eventos Relais Gourmet\" \/>\n<meta property=\"og:description\" content=\"\u00a1Descubre todos nuestros eventos Relais Gourmet, los salones en los que participamos y anuncios importantes de todo tipo!\" \/>\n<meta property=\"og:url\" content=\"https:\/\/relaisgourmet.com\/es\/eventos-relais-gourmet\/\" \/>\n<meta property=\"og:site_name\" content=\"Relais Gourmet\" \/>\n<meta property=\"article:publisher\" content=\"https:\/\/facebook.com\/yoast\" \/>\n<meta property=\"og:image\" content=\"https:\/\/relaisgourmet.com\/wp-content\/uploads\/2023\/11\/image.png\" \/>\n<meta name=\"twitter:card\" content=\"summary_large_image\" \/>\n<meta name=\"twitter:label1\" content=\"Tiempo de lectura\" \/>\n\t<meta name=\"twitter:data1\" content=\"2 minuto\" \/>\n<script type=\"application\/ld+json\" class=\"yoast-schema-graph\">{\"@context\":\"https:\\\/\\\/schema.org\",\"@graph\":[{\"@type\":\"WebPage\",\"@id\":\"https:\\\/\\\/relaisgourmet.com\\\/es\\\/eventos-relais-gourmet\\\/\",\"url\":\"https:\\\/\\\/relaisgourmet.com\\\/es\\\/eventos-relais-gourmet\\\/\",\"name\":\"Eventos Relais Gourmet\",\"isPartOf\":{\"@id\":\"https:\\\/\\\/relaisgourmet.com\\\/es\\\/#website\"},\"primaryImageOfPage\":{\"@id\":\"https:\\\/\\\/relaisgourmet.com\\\/es\\\/eventos-relais-gourmet\\\/#primaryimage\"},\"image\":{\"@id\":\"https:\\\/\\\/relaisgourmet.com\\\/es\\\/eventos-relais-gourmet\\\/#primaryimage\"},\"thumbnailUrl\":\"https:\\\/\\\/relaisgourmet.com\\\/wp-content\\\/uploads\\\/2023\\\/11\\\/image.png\",\"datePublished\":\"2023-11-03T08:30:00+00:00\",\"description\":\"\u00a1Descubre todos nuestros eventos Relais Gourmet, los salones en los que participamos y anuncios importantes de todo tipo!\",\"breadcrumb\":{\"@id\":\"https:\\\/\\\/relaisgourmet.com\\\/es\\\/eventos-relais-gourmet\\\/#breadcrumb\"},\"inLanguage\":\"es\",\"potentialAction\":[{\"@type\":\"ReadAction\",\"target\":[\"https:\\\/\\\/relaisgourmet.com\\\/es\\\/eventos-relais-gourmet\\\/\"]}]},{\"@type\":\"ImageObject\",\"inLanguage\":\"es\",\"@id\":\"https:\\\/\\\/relaisgourmet.com\\\/es\\\/eventos-relais-gourmet\\\/#primaryimage\",\"url\":\"https:\\\/\\\/relaisgourmet.com\\\/wp-content\\\/uploads\\\/2023\\\/11\\\/image.png\",\"contentUrl\":\"https:\\\/\\\/relaisgourmet.com\\\/wp-content\\\/uploads\\\/2023\\\/11\\\/image.png\"},{\"@type\":\"BreadcrumbList\",\"@id\":\"https:\\\/\\\/relaisgourmet.com\\\/es\\\/eventos-relais-gourmet\\\/#breadcrumb\",\"itemListElement\":[{\"@type\":\"ListItem\",\"position\":1,\"name\":\"Inicio\",\"item\":\"https:\\\/\\\/relaisgourmet.com\\\/es\\\/\"},{\"@type\":\"ListItem\",\"position\":2,\"name\":\"Eventos Relais Gourmet\"}]},{\"@type\":\"WebSite\",\"@id\":\"https:\\\/\\\/relaisgourmet.com\\\/es\\\/#website\",\"url\":\"https:\\\/\\\/relaisgourmet.com\\\/es\\\/\",\"name\":\"Relais Gourmet\",\"description\":\"Maison Gastronomique au Pays-Basque Depuis 2004\",\"publisher\":{\"@id\":\"https:\\\/\\\/relaisgourmet.com\\\/es\\\/#organization\"},\"potentialAction\":[{\"@type\":\"SearchAction\",\"target\":{\"@type\":\"EntryPoint\",\"urlTemplate\":\"https:\\\/\\\/relaisgourmet.com\\\/es\\\/?s={search_term_string}\"},\"query-input\":{\"@type\":\"PropertyValueSpecification\",\"valueRequired\":true,\"valueName\":\"search_term_string\"}}],\"inLanguage\":\"es\"},{\"@type\":\"Organization\",\"@id\":\"https:\\\/\\\/relaisgourmet.com\\\/es\\\/#organization\",\"name\":\"Relais Gourmet\",\"url\":\"https:\\\/\\\/relaisgourmet.com\\\/es\\\/\",\"logo\":{\"@type\":\"ImageObject\",\"inLanguage\":\"es\",\"@id\":\"https:\\\/\\\/relaisgourmet.com\\\/es\\\/#\\\/schema\\\/logo\\\/image\\\/\",\"url\":\"https:\\\/\\\/relaisgourmet.com\\\/wp-content\\\/uploads\\\/2024\\\/11\\\/Diseno-sin-titulo-8.jpg\",\"contentUrl\":\"https:\\\/\\\/relaisgourmet.com\\\/wp-content\\\/uploads\\\/2024\\\/11\\\/Diseno-sin-titulo-8.jpg\",\"width\":500,\"height\":500,\"caption\":\"Relais Gourmet\"},\"image\":{\"@id\":\"https:\\\/\\\/relaisgourmet.com\\\/es\\\/#\\\/schema\\\/logo\\\/image\\\/\"},\"sameAs\":[\"https:\\\/\\\/facebook.com\\\/yoast\",\"https:\\\/\\\/instagram.com\\\/yoast\"]}]}<\/script>\n<!-- \/ Yoast SEO Premium plugin. -->","yoast_head_json":{"title":"Eventos Relais Gourmet","description":"\u00a1Descubre todos nuestros eventos Relais Gourmet, los salones en los que participamos y anuncios importantes de todo tipo!","robots":{"index":"index","follow":"follow","max-snippet":"max-snippet:-1","max-image-preview":"max-image-preview:large","max-video-preview":"max-video-preview:-1"},"canonical":"https:\/\/relaisgourmet.com\/es\/eventos-relais-gourmet\/","og_locale":"es_ES","og_type":"article","og_title":"Eventos Relais Gourmet","og_description":"\u00a1Descubre todos nuestros eventos Relais Gourmet, los salones en los que participamos y anuncios importantes de todo tipo!","og_url":"https:\/\/relaisgourmet.com\/es\/eventos-relais-gourmet\/","og_site_name":"Relais Gourmet","article_publisher":"https:\/\/facebook.com\/yoast","og_image":[{"url":"https:\/\/relaisgourmet.com\/wp-content\/uploads\/2023\/11\/image.png","type":"","width":"","height":""}],"twitter_card":"summary_large_image","twitter_misc":{"Tiempo de lectura":"2 minuto"},"schema":{"@context":"https:\/\/schema.org","@graph":[{"@type":"WebPage","@id":"https:\/\/relaisgourmet.com\/es\/eventos-relais-gourmet\/","url":"https:\/\/relaisgourmet.com\/es\/eventos-relais-gourmet\/","name":"Eventos Relais Gourmet","isPartOf":{"@id":"https:\/\/relaisgourmet.com\/es\/#website"},"primaryImageOfPage":{"@id":"https:\/\/relaisgourmet.com\/es\/eventos-relais-gourmet\/#primaryimage"},"image":{"@id":"https:\/\/relaisgourmet.com\/es\/eventos-relais-gourmet\/#primaryimage"},"thumbnailUrl":"https:\/\/relaisgourmet.com\/wp-content\/uploads\/2023\/11\/image.png","datePublished":"2023-11-03T08:30:00+00:00","description":"\u00a1Descubre todos nuestros eventos Relais Gourmet, los salones en los que participamos y anuncios importantes de todo tipo!","breadcrumb":{"@id":"https:\/\/relaisgourmet.com\/es\/eventos-relais-gourmet\/#breadcrumb"},"inLanguage":"es","potentialAction":[{"@type":"ReadAction","target":["https:\/\/relaisgourmet.com\/es\/eventos-relais-gourmet\/"]}]},{"@type":"ImageObject","inLanguage":"es","@id":"https:\/\/relaisgourmet.com\/es\/eventos-relais-gourmet\/#primaryimage","url":"https:\/\/relaisgourmet.com\/wp-content\/uploads\/2023\/11\/image.png","contentUrl":"https:\/\/relaisgourmet.com\/wp-content\/uploads\/2023\/11\/image.png"},{"@type":"BreadcrumbList","@id":"https:\/\/relaisgourmet.com\/es\/eventos-relais-gourmet\/#breadcrumb","itemListElement":[{"@type":"ListItem","position":1,"name":"Inicio","item":"https:\/\/relaisgourmet.com\/es\/"},{"@type":"ListItem","position":2,"name":"Eventos Relais Gourmet"}]},{"@type":"WebSite","@id":"https:\/\/relaisgourmet.com\/es\/#website","url":"https:\/\/relaisgourmet.com\/es\/","name":"Relais Gourmet","description":"Maison Gastronomique au Pays-Basque Depuis 2004","publisher":{"@id":"https:\/\/relaisgourmet.com\/es\/#organization"},"potentialAction":[{"@type":"SearchAction","target":{"@type":"EntryPoint","urlTemplate":"https:\/\/relaisgourmet.com\/es\/?s={search_term_string}"},"query-input":{"@type":"PropertyValueSpecification","valueRequired":true,"valueName":"search_term_string"}}],"inLanguage":"es"},{"@type":"Organization","@id":"https:\/\/relaisgourmet.com\/es\/#organization","name":"Relais Gourmet","url":"https:\/\/relaisgourmet.com\/es\/","logo":{"@type":"ImageObject","inLanguage":"es","@id":"https:\/\/relaisgourmet.com\/es\/#\/schema\/logo\/image\/","url":"https:\/\/relaisgourmet.com\/wp-content\/uploads\/2024\/11\/Diseno-sin-titulo-8.jpg","contentUrl":"https:\/\/relaisgourmet.com\/wp-content\/uploads\/2024\/11\/Diseno-sin-titulo-8.jpg","width":500,"height":500,"caption":"Relais Gourmet"},"image":{"@id":"https:\/\/relaisgourmet.com\/es\/#\/schema\/logo\/image\/"},"sameAs":["https:\/\/facebook.com\/yoast","https:\/\/instagram.com\/yoast"]}]}},"_links":{"self":[{"href":"https:\/\/relaisgourmet.com\/es\/wp-json\/wp\/v2\/pages\/54094","targetHints":{"allow":["GET"]}}],"collection":[{"href":"https:\/\/relaisgourmet.com\/es\/wp-json\/wp\/v2\/pages"}],"about":[{"href":"https:\/\/relaisgourmet.com\/es\/wp-json\/wp\/v2\/types\/page"}],"author":[{"embeddable":true,"href":"https:\/\/relaisgourmet.com\/es\/wp-json\/wp\/v2\/users\/1"}],"replies":[{"embeddable":true,"href":"https:\/\/relaisgourmet.com\/es\/wp-json\/wp\/v2\/comments?post=54094"}],"version-history":[{"count":0,"href":"https:\/\/relaisgourmet.com\/es\/wp-json\/wp\/v2\/pages\/54094\/revisions"}],"wp:attachment":[{"href":"https:\/\/relaisgourmet.com\/es\/wp-json\/wp\/v2\/media?parent=54094"}],"curies":[{"name":"wp","href":"https:\/\/api.w.org\/{rel}","templated":true}]}}