{"id":42909,"date":"2019-09-25T09:27:54","date_gmt":"2019-09-25T07:27:54","guid":{"rendered":"https:\/\/relaisgourmet.com\/espace-pro\/"},"modified":"2025-04-09T23:26:46","modified_gmt":"2025-04-09T21:26:46","slug":"espacio-pro","status":"publish","type":"page","link":"https:\/\/relaisgourmet.com\/es\/espacio-pro\/","title":{"rendered":"Espacio profesional"},"content":{"rendered":"<h1>ESPACIO PROFESIONAL<\/h1>\n<p>\u00bfEmpresas o comerciantes? \u00a1Encuentra nuestra secci\u00f3n profesional aqu\u00ed!<\/p>\n<p>Est\u00e1s buscando:<\/p>\n<ul>\n<li>Cajas \u201cregalo\u201d para sus empleados o socios.<\/li>\n<li>Productos gourmet de calidad a precios CSE (\u00f3rdenes de compra, intranet de empresa, etc.)<\/li>\n<li>Un expositor para tu mercado navide\u00f1o<br \/>Precios al por mayor como distribuidor, agente, restaurador, comerciantes de vinos, etc.<\/li>\n<\/ul>\n<p>No lo dudes m\u00e1s, rellena el formulario que aparece al lado y recibe nuestro folleto con los precios y ventajas de Relais Gourmet.<\/p>\n","protected":false},"excerpt":{"rendered":"<p>ESPACIO PROFESIONAL \u00bfEmpresas o comerciantes? \u00a1Encuentra nuestra secci\u00f3n profesional aqu\u00ed! Est\u00e1s buscando: Cajas \u201cregalo\u201d para sus empleados o socios. Productos gourmet de calidad a precios CSE (\u00f3rdenes de compra, intranet de empresa, etc.) Un expositor para tu mercado navide\u00f1oPrecios al por mayor como distribuidor, agente, restaurador, comerciantes de vinos, etc. No lo dudes m\u00e1s, rellena [&hellip;]<\/p>\n","protected":false},"author":1,"featured_media":0,"parent":0,"menu_order":0,"comment_status":"open","ping_status":"closed","template":"elementor_header_footer","meta":{"footnotes":""},"class_list":["post-42909","page","type-page","status-publish","hentry"],"yoast_head":"<!-- This site is optimized with the Yoast SEO Premium plugin v27.4 (Yoast SEO v27.5) - https:\/\/yoast.com\/product\/yoast-seo-premium-wordpress\/ -->\n<title>Relais Gourmet - Espacio profesional - Entreprise et Comit\u00e9 d&#039;entreprise (CE)<\/title>\n<meta name=\"description\" content=\"B\u00e9n\u00e9ficiez de tarifs exceptionnels pour votre entreprise ou un CE. Foies Gras, Ap\u00e9ros Gourmet et un service adapt\u00e9 a vos besoins.\" \/>\n<meta name=\"robots\" content=\"index, follow, max-snippet:-1, max-image-preview:large, max-video-preview:-1\" \/>\n<link rel=\"canonical\" href=\"https:\/\/relaisgourmet.com\/es\/espacio-pro\/\" \/>\n<meta property=\"og:locale\" content=\"es_ES\" \/>\n<meta property=\"og:type\" content=\"article\" \/>\n<meta property=\"og:title\" content=\"Espacio profesional\" \/>\n<meta property=\"og:description\" content=\"B\u00e9n\u00e9ficiez de tarifs exceptionnels pour votre entreprise ou un CE. Foies Gras, Ap\u00e9ros Gourmet et un service adapt\u00e9 a vos besoins.\" \/>\n<meta property=\"og:url\" content=\"https:\/\/relaisgourmet.com\/es\/espacio-pro\/\" \/>\n<meta property=\"og:site_name\" content=\"Relais Gourmet\" \/>\n<meta property=\"article:publisher\" content=\"https:\/\/facebook.com\/yoast\" \/>\n<meta property=\"article:modified_time\" content=\"2025-04-09T21:26:46+00:00\" \/>\n<meta name=\"twitter:card\" content=\"summary_large_image\" \/>\n<meta name=\"twitter:label1\" content=\"Tiempo de lectura\" \/>\n\t<meta name=\"twitter:data1\" content=\"1 minuto\" \/>\n<script type=\"application\/ld+json\" class=\"yoast-schema-graph\">{\"@context\":\"https:\\\/\\\/schema.org\",\"@graph\":[{\"@type\":\"WebPage\",\"@id\":\"https:\\\/\\\/relaisgourmet.com\\\/es\\\/espacio-pro\\\/\",\"url\":\"https:\\\/\\\/relaisgourmet.com\\\/es\\\/espacio-pro\\\/\",\"name\":\"Relais Gourmet - Espacio profesional - Entreprise et Comit\u00e9 d'entreprise (CE)\",\"isPartOf\":{\"@id\":\"https:\\\/\\\/relaisgourmet.com\\\/es\\\/#website\"},\"datePublished\":\"2019-09-25T07:27:54+00:00\",\"dateModified\":\"2025-04-09T21:26:46+00:00\",\"description\":\"B\u00e9n\u00e9ficiez de tarifs exceptionnels pour votre entreprise ou un CE. Foies Gras, Ap\u00e9ros Gourmet et un service adapt\u00e9 a vos besoins.\",\"breadcrumb\":{\"@id\":\"https:\\\/\\\/relaisgourmet.com\\\/es\\\/espacio-pro\\\/#breadcrumb\"},\"inLanguage\":\"es\",\"potentialAction\":[{\"@type\":\"ReadAction\",\"target\":[\"https:\\\/\\\/relaisgourmet.com\\\/es\\\/espacio-pro\\\/\"]}]},{\"@type\":\"BreadcrumbList\",\"@id\":\"https:\\\/\\\/relaisgourmet.com\\\/es\\\/espacio-pro\\\/#breadcrumb\",\"itemListElement\":[{\"@type\":\"ListItem\",\"position\":1,\"name\":\"Inicio\",\"item\":\"https:\\\/\\\/relaisgourmet.com\\\/es\\\/\"},{\"@type\":\"ListItem\",\"position\":2,\"name\":\"Espacio profesional\"}]},{\"@type\":\"WebSite\",\"@id\":\"https:\\\/\\\/relaisgourmet.com\\\/es\\\/#website\",\"url\":\"https:\\\/\\\/relaisgourmet.com\\\/es\\\/\",\"name\":\"Relais Gourmet\",\"description\":\"Maison Gastronomique au Pays-Basque Depuis 2004\",\"publisher\":{\"@id\":\"https:\\\/\\\/relaisgourmet.com\\\/es\\\/#organization\"},\"potentialAction\":[{\"@type\":\"SearchAction\",\"target\":{\"@type\":\"EntryPoint\",\"urlTemplate\":\"https:\\\/\\\/relaisgourmet.com\\\/es\\\/?s={search_term_string}\"},\"query-input\":{\"@type\":\"PropertyValueSpecification\",\"valueRequired\":true,\"valueName\":\"search_term_string\"}}],\"inLanguage\":\"es\"},{\"@type\":\"Organization\",\"@id\":\"https:\\\/\\\/relaisgourmet.com\\\/es\\\/#organization\",\"name\":\"Relais Gourmet\",\"url\":\"https:\\\/\\\/relaisgourmet.com\\\/es\\\/\",\"logo\":{\"@type\":\"ImageObject\",\"inLanguage\":\"es\",\"@id\":\"https:\\\/\\\/relaisgourmet.com\\\/es\\\/#\\\/schema\\\/logo\\\/image\\\/\",\"url\":\"https:\\\/\\\/relaisgourmet.com\\\/wp-content\\\/uploads\\\/2024\\\/11\\\/Diseno-sin-titulo-8.jpg\",\"contentUrl\":\"https:\\\/\\\/relaisgourmet.com\\\/wp-content\\\/uploads\\\/2024\\\/11\\\/Diseno-sin-titulo-8.jpg\",\"width\":500,\"height\":500,\"caption\":\"Relais Gourmet\"},\"image\":{\"@id\":\"https:\\\/\\\/relaisgourmet.com\\\/es\\\/#\\\/schema\\\/logo\\\/image\\\/\"},\"sameAs\":[\"https:\\\/\\\/facebook.com\\\/yoast\",\"https:\\\/\\\/instagram.com\\\/yoast\"]}]}<\/script>\n<!-- \/ Yoast SEO Premium plugin. -->","yoast_head_json":{"title":"Relais Gourmet - Espacio profesional - Entreprise et Comit\u00e9 d'entreprise (CE)","description":"B\u00e9n\u00e9ficiez de tarifs exceptionnels pour votre entreprise ou un CE. Foies Gras, Ap\u00e9ros Gourmet et un service adapt\u00e9 a vos besoins.","robots":{"index":"index","follow":"follow","max-snippet":"max-snippet:-1","max-image-preview":"max-image-preview:large","max-video-preview":"max-video-preview:-1"},"canonical":"https:\/\/relaisgourmet.com\/es\/espacio-pro\/","og_locale":"es_ES","og_type":"article","og_title":"Espacio profesional","og_description":"B\u00e9n\u00e9ficiez de tarifs exceptionnels pour votre entreprise ou un CE. Foies Gras, Ap\u00e9ros Gourmet et un service adapt\u00e9 a vos besoins.","og_url":"https:\/\/relaisgourmet.com\/es\/espacio-pro\/","og_site_name":"Relais Gourmet","article_publisher":"https:\/\/facebook.com\/yoast","article_modified_time":"2025-04-09T21:26:46+00:00","twitter_card":"summary_large_image","twitter_misc":{"Tiempo de lectura":"1 minuto"},"schema":{"@context":"https:\/\/schema.org","@graph":[{"@type":"WebPage","@id":"https:\/\/relaisgourmet.com\/es\/espacio-pro\/","url":"https:\/\/relaisgourmet.com\/es\/espacio-pro\/","name":"Relais Gourmet - Espacio profesional - Entreprise et Comit\u00e9 d'entreprise (CE)","isPartOf":{"@id":"https:\/\/relaisgourmet.com\/es\/#website"},"datePublished":"2019-09-25T07:27:54+00:00","dateModified":"2025-04-09T21:26:46+00:00","description":"B\u00e9n\u00e9ficiez de tarifs exceptionnels pour votre entreprise ou un CE. Foies Gras, Ap\u00e9ros Gourmet et un service adapt\u00e9 a vos besoins.","breadcrumb":{"@id":"https:\/\/relaisgourmet.com\/es\/espacio-pro\/#breadcrumb"},"inLanguage":"es","potentialAction":[{"@type":"ReadAction","target":["https:\/\/relaisgourmet.com\/es\/espacio-pro\/"]}]},{"@type":"BreadcrumbList","@id":"https:\/\/relaisgourmet.com\/es\/espacio-pro\/#breadcrumb","itemListElement":[{"@type":"ListItem","position":1,"name":"Inicio","item":"https:\/\/relaisgourmet.com\/es\/"},{"@type":"ListItem","position":2,"name":"Espacio profesional"}]},{"@type":"WebSite","@id":"https:\/\/relaisgourmet.com\/es\/#website","url":"https:\/\/relaisgourmet.com\/es\/","name":"Relais Gourmet","description":"Maison Gastronomique au Pays-Basque Depuis 2004","publisher":{"@id":"https:\/\/relaisgourmet.com\/es\/#organization"},"potentialAction":[{"@type":"SearchAction","target":{"@type":"EntryPoint","urlTemplate":"https:\/\/relaisgourmet.com\/es\/?s={search_term_string}"},"query-input":{"@type":"PropertyValueSpecification","valueRequired":true,"valueName":"search_term_string"}}],"inLanguage":"es"},{"@type":"Organization","@id":"https:\/\/relaisgourmet.com\/es\/#organization","name":"Relais Gourmet","url":"https:\/\/relaisgourmet.com\/es\/","logo":{"@type":"ImageObject","inLanguage":"es","@id":"https:\/\/relaisgourmet.com\/es\/#\/schema\/logo\/image\/","url":"https:\/\/relaisgourmet.com\/wp-content\/uploads\/2024\/11\/Diseno-sin-titulo-8.jpg","contentUrl":"https:\/\/relaisgourmet.com\/wp-content\/uploads\/2024\/11\/Diseno-sin-titulo-8.jpg","width":500,"height":500,"caption":"Relais Gourmet"},"image":{"@id":"https:\/\/relaisgourmet.com\/es\/#\/schema\/logo\/image\/"},"sameAs":["https:\/\/facebook.com\/yoast","https:\/\/instagram.com\/yoast"]}]}},"_links":{"self":[{"href":"https:\/\/relaisgourmet.com\/es\/wp-json\/wp\/v2\/pages\/42909","targetHints":{"allow":["GET"]}}],"collection":[{"href":"https:\/\/relaisgourmet.com\/es\/wp-json\/wp\/v2\/pages"}],"about":[{"href":"https:\/\/relaisgourmet.com\/es\/wp-json\/wp\/v2\/types\/page"}],"author":[{"embeddable":true,"href":"https:\/\/relaisgourmet.com\/es\/wp-json\/wp\/v2\/users\/1"}],"replies":[{"embeddable":true,"href":"https:\/\/relaisgourmet.com\/es\/wp-json\/wp\/v2\/comments?post=42909"}],"version-history":[{"count":0,"href":"https:\/\/relaisgourmet.com\/es\/wp-json\/wp\/v2\/pages\/42909\/revisions"}],"wp:attachment":[{"href":"https:\/\/relaisgourmet.com\/es\/wp-json\/wp\/v2\/media?parent=42909"}],"curies":[{"name":"wp","href":"https:\/\/api.w.org\/{rel}","templated":true}]}}