{"id":54088,"date":"2023-11-03T09:30:00","date_gmt":"2023-11-03T08:30:00","guid":{"rendered":"https:\/\/relaisgourmet.com\/events-relais-gourmet\/"},"modified":"2023-11-03T09:30:00","modified_gmt":"2023-11-03T08:30:00","slug":"events-relais-gourmet","status":"publish","type":"page","link":"https:\/\/relaisgourmet.com\/en\/events-relais-gourmet\/","title":{"rendered":"Events Relais Gourmet"},"content":{"rendered":"<p>Find all Relais Gourmet events here! <\/p>\n<h3>Salon de la Roche Guyon, November 3rd to 5th.<\/h3>\n<p>Come visit us at the Wine and Local Products Fair at the Salon de la Roche Guyon!<br \/>Find all our 100% French Foie Gras and Gourmet Appetizers, without preservatives, additives, or colorants! <\/p>\n<p>Find us on Friday, November 3rd from 4 p.m. to 9 p.m., Saturday, November 4th from 10 a.m. to 7 p.m., and Sunday, November 5th from 10 a.m. to 6 p.m. <\/p>\n<p>More information here: https:\/\/www.salonduvin.org\/<\/p>\n<p>\t\t\t\t\t\t\t\t\t\t\t\t\t\t\t<img decoding=\"async\" width=\"960\" height=\"450\" src=\"https:\/\/relaisgourmet.com\/wp-content\/uploads\/2023\/11\/image.png\" alt=\"\" loading=\"lazy\" srcset=\"https:\/\/relaisgourmet.com\/wp-content\/uploads\/2023\/11\/image.png 960w, https:\/\/relaisgourmet.com\/wp-content\/uploads\/2023\/11\/image-300x141.png 300w, https:\/\/relaisgourmet.com\/wp-content\/uploads\/2023\/11\/image-768x360.png 768w, https:\/\/relaisgourmet.com\/wp-content\/uploads\/2023\/11\/image-600x281.png 600w\" sizes=\"auto, (max-width: 960px) 100vw, 960px\">\t\t\t\t\t\t\t\t\t\t\t\t\t\t\t<\/p>\n<h3>Salon des Vins et produits de terroir de S\u00e9vrier, November 10th, 11th, and 12th.<\/h3>\n<p>Join us at the 24th Wine and Local Products Fair in S\u00e9vrier with all our 100% French Foie Gras and Gourmet Appetizers, without preservatives, additives, or colorants! <\/p>\n<p>It takes place at the S\u00e9vrier Animation Complex, just 10 minutes from Annecy! <br \/>On Friday, November 10th, from 2 p.m. to 7:30 p.m.<br \/>On Saturday, November 11th, from 10 a.m. to 7:30 p.m.<br \/>On Sunday, November 12th, from 10 a.m. to 7 p.m.<\/p>\n<p>More information here: https:\/\/www.salondesvins.org\/le-salon\/<\/p>\n<p>\t\t\t\t\t\t\t\t\t\t\t\t\t\t\t<img decoding=\"async\" width=\"1024\" height=\"1024\" src=\"https:\/\/relaisgourmet.com\/wp-content\/uploads\/2023\/11\/1-1024x1024.png\" alt=\"salon de s\u00e9vrier (annecy)\" loading=\"lazy\" srcset=\"https:\/\/relaisgourmet.com\/wp-content\/uploads\/2023\/11\/1-1024x1024.png 1024w, https:\/\/relaisgourmet.com\/wp-content\/uploads\/2023\/11\/1-300x300.png 300w, https:\/\/relaisgourmet.com\/wp-content\/uploads\/2023\/11\/1-150x150.png 150w, https:\/\/relaisgourmet.com\/wp-content\/uploads\/2023\/11\/1-768x768.png 768w, https:\/\/relaisgourmet.com\/wp-content\/uploads\/2023\/11\/1-600x600.png 600w, https:\/\/relaisgourmet.com\/wp-content\/uploads\/2023\/11\/1-100x100.png 100w, https:\/\/relaisgourmet.com\/wp-content\/uploads\/2023\/11\/1.png 1080w\" sizes=\"auto, (max-width: 1024px) 100vw, 1024px\">\t\t\t\t\t\t\t\t\t\t\t\t\t\t\t<\/p>\n<h3>Salon Vins et Saveurs de Chevreuse, November 11th and 12th.<\/h3>\n<p>Retrouvez-nous au Salon Vins et Saveurs de Chevreuse \u00e0 l&#8217;Espace Fernand L\u00e9ger les samedis et dimanches 11 et 12 Novembre de 10h \u00e0 18 ! On the agenda, our delicious 100% French Foie Gras and gourmet appetizers, without preservatives, additives, or colorants! <\/p>\n<p>\t\t\t\t\t\t\t\t\t\t\t\t\t\t\t<img decoding=\"async\" width=\"1024\" height=\"1024\" src=\"https:\/\/relaisgourmet.com\/wp-content\/uploads\/2023\/11\/Design-sans-titre-4-1024x1024.png\" alt=\"\" loading=\"lazy\" srcset=\"https:\/\/relaisgourmet.com\/wp-content\/uploads\/2023\/11\/Design-sans-titre-4-1024x1024.png 1024w, https:\/\/relaisgourmet.com\/wp-content\/uploads\/2023\/11\/Design-sans-titre-4-300x300.png 300w, https:\/\/relaisgourmet.com\/wp-content\/uploads\/2023\/11\/Design-sans-titre-4-150x150.png 150w, https:\/\/relaisgourmet.com\/wp-content\/uploads\/2023\/11\/Design-sans-titre-4-768x768.png 768w, https:\/\/relaisgourmet.com\/wp-content\/uploads\/2023\/11\/Design-sans-titre-4-600x600.png 600w, https:\/\/relaisgourmet.com\/wp-content\/uploads\/2023\/11\/Design-sans-titre-4-100x100.png 100w, https:\/\/relaisgourmet.com\/wp-content\/uploads\/2023\/11\/Design-sans-titre-4.png 1080w\" sizes=\"auto, (max-width: 1024px) 100vw, 1024px\">\t\t\t\t\t\t\t\t\t\t\t\t\t\t\t<\/p>\n<h3>Wine and Regional Products Fair of Bois-Colombes, November 18th and 19th.<\/h3>\n<p>Join us for the 29th Wine and Regional Products Fair of Bois-Colombes on November 18th and 19th from 10 a.m. to 7 p.m. at the Jean Jaur\u00e8s Sports Complex, Avenue Vaudreuil, with all our 100% French, artisanal Foie Gras and gourmet appetizers, without preservatives, colorants, or additives! <\/p>\n<p>\t\t\t\t\t\t\t\t\t\t\t\t\t\t\t<img decoding=\"async\" width=\"1024\" height=\"1024\" src=\"https:\/\/relaisgourmet.com\/wp-content\/uploads\/2023\/11\/Design-sans-titre-5-1024x1024.png\" alt=\"\" loading=\"lazy\" srcset=\"https:\/\/relaisgourmet.com\/wp-content\/uploads\/2023\/11\/Design-sans-titre-5-1024x1024.png 1024w, https:\/\/relaisgourmet.com\/wp-content\/uploads\/2023\/11\/Design-sans-titre-5-300x300.png 300w, https:\/\/relaisgourmet.com\/wp-content\/uploads\/2023\/11\/Design-sans-titre-5-150x150.png 150w, https:\/\/relaisgourmet.com\/wp-content\/uploads\/2023\/11\/Design-sans-titre-5-768x768.png 768w, https:\/\/relaisgourmet.com\/wp-content\/uploads\/2023\/11\/Design-sans-titre-5-600x600.png 600w, https:\/\/relaisgourmet.com\/wp-content\/uploads\/2023\/11\/Design-sans-titre-5-100x100.png 100w, https:\/\/relaisgourmet.com\/wp-content\/uploads\/2023\/11\/Design-sans-titre-5.png 1080w\" sizes=\"auto, (max-width: 1024px) 100vw, 1024px\">\t\t\t\t\t\t\t\t\t\t\t\t\t\t\t<\/p>\n<h3>Wine and Regional Products Fair of Morainvillers, November 25th and 26th.<\/h3>\n<p>The fair is located in the Morainvilliers Leisure Hall! <br \/>Join us and discover our delicious 100% French Foie Gras and gourmet appetizers, without preservatives, colorants, or additives! <\/p>\n<p>We will be present on Saturday, November 25th from 10 a.m. to 7 p.m. and Sunday, November 26th from 10 a.m. to 5 p.m.!<\/p>\n<p>\t\t\t\t\t\t\t\t\t\t\t\t\t\t\t<img decoding=\"async\" width=\"1024\" height=\"1024\" src=\"https:\/\/relaisgourmet.com\/wp-content\/uploads\/2023\/11\/Design-sans-titre-6-1024x1024.png\" alt=\"\" loading=\"lazy\" srcset=\"https:\/\/relaisgourmet.com\/wp-content\/uploads\/2023\/11\/Design-sans-titre-6-1024x1024.png 1024w, https:\/\/relaisgourmet.com\/wp-content\/uploads\/2023\/11\/Design-sans-titre-6-300x300.png 300w, https:\/\/relaisgourmet.com\/wp-content\/uploads\/2023\/11\/Design-sans-titre-6-150x150.png 150w, https:\/\/relaisgourmet.com\/wp-content\/uploads\/2023\/11\/Design-sans-titre-6-768x768.png 768w, https:\/\/relaisgourmet.com\/wp-content\/uploads\/2023\/11\/Design-sans-titre-6-600x600.png 600w, https:\/\/relaisgourmet.com\/wp-content\/uploads\/2023\/11\/Design-sans-titre-6-100x100.png 100w, https:\/\/relaisgourmet.com\/wp-content\/uploads\/2023\/11\/Design-sans-titre-6.png 1080w\" sizes=\"auto, (max-width: 1024px) 100vw, 1024px\"><\/p>\n","protected":false},"excerpt":{"rendered":"<p>Find all Relais Gourmet events here! Salon de la Roche Guyon, November 3rd to 5th. Come visit us at the Wine and Local Products Fair at the Salon de la Roche Guyon!Find all our 100% French Foie Gras and Gourmet Appetizers, without preservatives, additives, or colorants! Find us on Friday, November 3rd from 4 p.m. [&hellip;]<\/p>\n","protected":false},"author":1,"featured_media":0,"parent":0,"menu_order":0,"comment_status":"open","ping_status":"closed","template":"","meta":{"footnotes":""},"class_list":["post-54088","page","type-page","status-publish","hentry"],"yoast_head":"<!-- This site is optimized with the Yoast SEO Premium plugin v27.4 (Yoast SEO v27.5) - https:\/\/yoast.com\/product\/yoast-seo-premium-wordpress\/ -->\n<title>Events Relais Gourmet<\/title>\n<meta name=\"description\" content=\"Discover all our Relais Gourmet events, the trade shows we participate in, and important announcements of all kinds!\" \/>\n<meta name=\"robots\" content=\"index, follow, max-snippet:-1, max-image-preview:large, max-video-preview:-1\" \/>\n<link rel=\"canonical\" href=\"https:\/\/relaisgourmet.com\/en\/events-relais-gourmet\/\" \/>\n<meta property=\"og:locale\" content=\"en_US\" \/>\n<meta property=\"og:type\" content=\"article\" \/>\n<meta property=\"og:title\" content=\"Events Relais Gourmet\" \/>\n<meta property=\"og:description\" content=\"Discover all our Relais Gourmet events, the trade shows we participate in, and important announcements of all kinds!\" \/>\n<meta property=\"og:url\" content=\"https:\/\/relaisgourmet.com\/en\/events-relais-gourmet\/\" \/>\n<meta property=\"og:site_name\" content=\"Relais Gourmet\" \/>\n<meta property=\"article:publisher\" content=\"https:\/\/facebook.com\/yoast\" \/>\n<meta property=\"og:image\" content=\"https:\/\/relaisgourmet.com\/wp-content\/uploads\/2023\/11\/image.png\" \/>\n<meta name=\"twitter:card\" content=\"summary_large_image\" \/>\n<meta name=\"twitter:label1\" content=\"Est. reading time\" \/>\n\t<meta name=\"twitter:data1\" content=\"2 minutes\" \/>\n<script type=\"application\/ld+json\" class=\"yoast-schema-graph\">{\"@context\":\"https:\\\/\\\/schema.org\",\"@graph\":[{\"@type\":\"WebPage\",\"@id\":\"https:\\\/\\\/relaisgourmet.com\\\/en\\\/events-relais-gourmet\\\/\",\"url\":\"https:\\\/\\\/relaisgourmet.com\\\/en\\\/events-relais-gourmet\\\/\",\"name\":\"Events Relais Gourmet\",\"isPartOf\":{\"@id\":\"https:\\\/\\\/relaisgourmet.com\\\/en\\\/#website\"},\"primaryImageOfPage\":{\"@id\":\"https:\\\/\\\/relaisgourmet.com\\\/en\\\/events-relais-gourmet\\\/#primaryimage\"},\"image\":{\"@id\":\"https:\\\/\\\/relaisgourmet.com\\\/en\\\/events-relais-gourmet\\\/#primaryimage\"},\"thumbnailUrl\":\"https:\\\/\\\/relaisgourmet.com\\\/wp-content\\\/uploads\\\/2023\\\/11\\\/image.png\",\"datePublished\":\"2023-11-03T08:30:00+00:00\",\"description\":\"Discover all our Relais Gourmet events, the trade shows we participate in, and important announcements of all kinds!\",\"breadcrumb\":{\"@id\":\"https:\\\/\\\/relaisgourmet.com\\\/en\\\/events-relais-gourmet\\\/#breadcrumb\"},\"inLanguage\":\"en-US\",\"potentialAction\":[{\"@type\":\"ReadAction\",\"target\":[\"https:\\\/\\\/relaisgourmet.com\\\/en\\\/events-relais-gourmet\\\/\"]}]},{\"@type\":\"ImageObject\",\"inLanguage\":\"en-US\",\"@id\":\"https:\\\/\\\/relaisgourmet.com\\\/en\\\/events-relais-gourmet\\\/#primaryimage\",\"url\":\"https:\\\/\\\/relaisgourmet.com\\\/wp-content\\\/uploads\\\/2023\\\/11\\\/image.png\",\"contentUrl\":\"https:\\\/\\\/relaisgourmet.com\\\/wp-content\\\/uploads\\\/2023\\\/11\\\/image.png\"},{\"@type\":\"BreadcrumbList\",\"@id\":\"https:\\\/\\\/relaisgourmet.com\\\/en\\\/events-relais-gourmet\\\/#breadcrumb\",\"itemListElement\":[{\"@type\":\"ListItem\",\"position\":1,\"name\":\"Portada\",\"item\":\"https:\\\/\\\/relaisgourmet.com\\\/en\\\/https-relaisgourmet-com\\\/\"},{\"@type\":\"ListItem\",\"position\":2,\"name\":\"Events Relais Gourmet\"}]},{\"@type\":\"WebSite\",\"@id\":\"https:\\\/\\\/relaisgourmet.com\\\/en\\\/#website\",\"url\":\"https:\\\/\\\/relaisgourmet.com\\\/en\\\/\",\"name\":\"Relais Gourmet\",\"description\":\"Maison Gastronomique au Pays-Basque Depuis 2004\",\"publisher\":{\"@id\":\"https:\\\/\\\/relaisgourmet.com\\\/en\\\/#organization\"},\"potentialAction\":[{\"@type\":\"SearchAction\",\"target\":{\"@type\":\"EntryPoint\",\"urlTemplate\":\"https:\\\/\\\/relaisgourmet.com\\\/en\\\/?s={search_term_string}\"},\"query-input\":{\"@type\":\"PropertyValueSpecification\",\"valueRequired\":true,\"valueName\":\"search_term_string\"}}],\"inLanguage\":\"en-US\"},{\"@type\":\"Organization\",\"@id\":\"https:\\\/\\\/relaisgourmet.com\\\/en\\\/#organization\",\"name\":\"Relais Gourmet\",\"url\":\"https:\\\/\\\/relaisgourmet.com\\\/en\\\/\",\"logo\":{\"@type\":\"ImageObject\",\"inLanguage\":\"en-US\",\"@id\":\"https:\\\/\\\/relaisgourmet.com\\\/en\\\/#\\\/schema\\\/logo\\\/image\\\/\",\"url\":\"https:\\\/\\\/relaisgourmet.com\\\/wp-content\\\/uploads\\\/2024\\\/11\\\/Diseno-sin-titulo-8.jpg\",\"contentUrl\":\"https:\\\/\\\/relaisgourmet.com\\\/wp-content\\\/uploads\\\/2024\\\/11\\\/Diseno-sin-titulo-8.jpg\",\"width\":500,\"height\":500,\"caption\":\"Relais Gourmet\"},\"image\":{\"@id\":\"https:\\\/\\\/relaisgourmet.com\\\/en\\\/#\\\/schema\\\/logo\\\/image\\\/\"},\"sameAs\":[\"https:\\\/\\\/facebook.com\\\/yoast\",\"https:\\\/\\\/instagram.com\\\/yoast\"]}]}<\/script>\n<!-- \/ Yoast SEO Premium plugin. -->","yoast_head_json":{"title":"Events Relais Gourmet","description":"Discover all our Relais Gourmet events, the trade shows we participate in, and important announcements of all kinds!","robots":{"index":"index","follow":"follow","max-snippet":"max-snippet:-1","max-image-preview":"max-image-preview:large","max-video-preview":"max-video-preview:-1"},"canonical":"https:\/\/relaisgourmet.com\/en\/events-relais-gourmet\/","og_locale":"en_US","og_type":"article","og_title":"Events Relais Gourmet","og_description":"Discover all our Relais Gourmet events, the trade shows we participate in, and important announcements of all kinds!","og_url":"https:\/\/relaisgourmet.com\/en\/events-relais-gourmet\/","og_site_name":"Relais Gourmet","article_publisher":"https:\/\/facebook.com\/yoast","og_image":[{"url":"https:\/\/relaisgourmet.com\/wp-content\/uploads\/2023\/11\/image.png","type":"","width":"","height":""}],"twitter_card":"summary_large_image","twitter_misc":{"Est. reading time":"2 minutes"},"schema":{"@context":"https:\/\/schema.org","@graph":[{"@type":"WebPage","@id":"https:\/\/relaisgourmet.com\/en\/events-relais-gourmet\/","url":"https:\/\/relaisgourmet.com\/en\/events-relais-gourmet\/","name":"Events Relais Gourmet","isPartOf":{"@id":"https:\/\/relaisgourmet.com\/en\/#website"},"primaryImageOfPage":{"@id":"https:\/\/relaisgourmet.com\/en\/events-relais-gourmet\/#primaryimage"},"image":{"@id":"https:\/\/relaisgourmet.com\/en\/events-relais-gourmet\/#primaryimage"},"thumbnailUrl":"https:\/\/relaisgourmet.com\/wp-content\/uploads\/2023\/11\/image.png","datePublished":"2023-11-03T08:30:00+00:00","description":"Discover all our Relais Gourmet events, the trade shows we participate in, and important announcements of all kinds!","breadcrumb":{"@id":"https:\/\/relaisgourmet.com\/en\/events-relais-gourmet\/#breadcrumb"},"inLanguage":"en-US","potentialAction":[{"@type":"ReadAction","target":["https:\/\/relaisgourmet.com\/en\/events-relais-gourmet\/"]}]},{"@type":"ImageObject","inLanguage":"en-US","@id":"https:\/\/relaisgourmet.com\/en\/events-relais-gourmet\/#primaryimage","url":"https:\/\/relaisgourmet.com\/wp-content\/uploads\/2023\/11\/image.png","contentUrl":"https:\/\/relaisgourmet.com\/wp-content\/uploads\/2023\/11\/image.png"},{"@type":"BreadcrumbList","@id":"https:\/\/relaisgourmet.com\/en\/events-relais-gourmet\/#breadcrumb","itemListElement":[{"@type":"ListItem","position":1,"name":"Portada","item":"https:\/\/relaisgourmet.com\/en\/https-relaisgourmet-com\/"},{"@type":"ListItem","position":2,"name":"Events Relais Gourmet"}]},{"@type":"WebSite","@id":"https:\/\/relaisgourmet.com\/en\/#website","url":"https:\/\/relaisgourmet.com\/en\/","name":"Relais Gourmet","description":"Maison Gastronomique au Pays-Basque Depuis 2004","publisher":{"@id":"https:\/\/relaisgourmet.com\/en\/#organization"},"potentialAction":[{"@type":"SearchAction","target":{"@type":"EntryPoint","urlTemplate":"https:\/\/relaisgourmet.com\/en\/?s={search_term_string}"},"query-input":{"@type":"PropertyValueSpecification","valueRequired":true,"valueName":"search_term_string"}}],"inLanguage":"en-US"},{"@type":"Organization","@id":"https:\/\/relaisgourmet.com\/en\/#organization","name":"Relais Gourmet","url":"https:\/\/relaisgourmet.com\/en\/","logo":{"@type":"ImageObject","inLanguage":"en-US","@id":"https:\/\/relaisgourmet.com\/en\/#\/schema\/logo\/image\/","url":"https:\/\/relaisgourmet.com\/wp-content\/uploads\/2024\/11\/Diseno-sin-titulo-8.jpg","contentUrl":"https:\/\/relaisgourmet.com\/wp-content\/uploads\/2024\/11\/Diseno-sin-titulo-8.jpg","width":500,"height":500,"caption":"Relais Gourmet"},"image":{"@id":"https:\/\/relaisgourmet.com\/en\/#\/schema\/logo\/image\/"},"sameAs":["https:\/\/facebook.com\/yoast","https:\/\/instagram.com\/yoast"]}]}},"_links":{"self":[{"href":"https:\/\/relaisgourmet.com\/en\/wp-json\/wp\/v2\/pages\/54088","targetHints":{"allow":["GET"]}}],"collection":[{"href":"https:\/\/relaisgourmet.com\/en\/wp-json\/wp\/v2\/pages"}],"about":[{"href":"https:\/\/relaisgourmet.com\/en\/wp-json\/wp\/v2\/types\/page"}],"author":[{"embeddable":true,"href":"https:\/\/relaisgourmet.com\/en\/wp-json\/wp\/v2\/users\/1"}],"replies":[{"embeddable":true,"href":"https:\/\/relaisgourmet.com\/en\/wp-json\/wp\/v2\/comments?post=54088"}],"version-history":[{"count":0,"href":"https:\/\/relaisgourmet.com\/en\/wp-json\/wp\/v2\/pages\/54088\/revisions"}],"wp:attachment":[{"href":"https:\/\/relaisgourmet.com\/en\/wp-json\/wp\/v2\/media?parent=54088"}],"curies":[{"name":"wp","href":"https:\/\/api.w.org\/{rel}","templated":true}]}}