{"id":54158,"date":"2023-11-03T09:30:00","date_gmt":"2023-11-03T08:30:00","guid":{"rendered":"https:\/\/relaisgourmet.com\/veranstaltungen-von-relais-gourmet\/"},"modified":"2023-11-03T09:30:00","modified_gmt":"2023-11-03T08:30:00","slug":"veranstaltungen-von-relais-gourmet","status":"publish","type":"page","link":"https:\/\/relaisgourmet.com\/de\/veranstaltungen-von-relais-gourmet\/","title":{"rendered":"Veranstaltungen von Relais Gourmet"},"content":{"rendered":"<p>Finden Sie hier alle Relais Gourmet-Veranstaltungen! <\/p>\n<h3>Salon de la Roche Guyon, vom 3. bis 5. November.<\/h3>\n<p>Kommen Sie uns auf der Wein- und Regionalprodukte-Messe im Salon de la Roche Guyon besuchen!<br \/>Entdecken Sie all unsere 100% franz\u00f6sischen Foies Gras und Gourmet-Aperitifs, ohne Konservierungsstoffe, Zusatzstoffe oder Farbstoffe! <\/p>\n<p>Treffen Sie uns am Freitag, den 3. November von 16 bis 21 Uhr, am Samstag, den 4. November von 10 bis 19 Uhr und am Sonntag, den 5. November von 10 bis 18 Uhr. <\/p>\n<p>Mehr Infos hier: https:\/\/www.salonduvin.org\/<\/p>\n<p>\t\t\t\t\t\t\t\t\t\t\t\t\t\t\t<img decoding=\"async\" width=\"960\" height=\"450\" src=\"https:\/\/relaisgourmet.com\/wp-content\/uploads\/2023\/11\/image.png\" alt=\"\" loading=\"lazy\" srcset=\"https:\/\/relaisgourmet.com\/wp-content\/uploads\/2023\/11\/image.png 960w, https:\/\/relaisgourmet.com\/wp-content\/uploads\/2023\/11\/image-300x141.png 300w, https:\/\/relaisgourmet.com\/wp-content\/uploads\/2023\/11\/image-768x360.png 768w, https:\/\/relaisgourmet.com\/wp-content\/uploads\/2023\/11\/image-600x281.png 600w\" sizes=\"auto, (max-width: 960px) 100vw, 960px\">\t\t\t\t\t\t\t\t\t\t\t\t\t\t\t<\/p>\n<h3>Wein- und Terroirprodukte-Messe in S\u00e9vrier, 10., 11. und 12. November.<\/h3>\n<p>Besuchen Sie uns auf der 24. Messe f\u00fcr Weine und Terroirprodukte in S\u00e9vrier mit all unseren 100% franz\u00f6sischen Foies Gras und Gourmet-Aperitifs, ohne Konservierungsstoffe, Zusatzstoffe oder Farbstoffe! <\/p>\n<p>Es findet im Animationskomplex von S\u00e9vrier statt, nur 10 Minuten von Annecy entfernt! <br \/>Am Freitag, den 10. November, von 14:00 bis 19:30 Uhr.<br \/>Le Samedi 11 Novembre de 10h \u00e0 19h30<br \/>Am Sonntag, den 12. November, von 10:00 bis 19:00 Uhr.<\/p>\n<p>Mehr Infos hier: https:\/\/www.salondesvins.org\/le-salon\/<\/p>\n<p>\t\t\t\t\t\t\t\t\t\t\t\t\t\t\t<img decoding=\"async\" width=\"1024\" height=\"1024\" src=\"https:\/\/relaisgourmet.com\/wp-content\/uploads\/2023\/11\/1-1024x1024.png\" alt=\"Wein- und Gourmetprodukte-Messe in S\u00e9vrier (Annecy).\" loading=\"lazy\" srcset=\"https:\/\/relaisgourmet.com\/wp-content\/uploads\/2023\/11\/1-1024x1024.png 1024w, https:\/\/relaisgourmet.com\/wp-content\/uploads\/2023\/11\/1-300x300.png 300w, https:\/\/relaisgourmet.com\/wp-content\/uploads\/2023\/11\/1-150x150.png 150w, https:\/\/relaisgourmet.com\/wp-content\/uploads\/2023\/11\/1-768x768.png 768w, https:\/\/relaisgourmet.com\/wp-content\/uploads\/2023\/11\/1-600x600.png 600w, https:\/\/relaisgourmet.com\/wp-content\/uploads\/2023\/11\/1-100x100.png 100w, https:\/\/relaisgourmet.com\/wp-content\/uploads\/2023\/11\/1.png 1080w\" sizes=\"auto, (max-width: 1024px) 100vw, 1024px\">\t\t\t\t\t\t\t\t\t\t\t\t\t\t\t<\/p>\n<h3>Wein- und Geschmacksmessen in Chevreuse, am 11. und 12. November.<\/h3>\n<p>Besuchen Sie uns auf der Wein- und Geschmacksmessen in Chevreuse im Espace Fernand L\u00e9ger an den Samstagen und Sonntagen, dem 11. und 12. November, von 10 bis 18 Uhr! Auf dem Programm stehen unsere k\u00f6stlichen 100% franz\u00f6sischen Foies Gras und Gourmet-Ap\u00e9ro, ganz ohne Konservierungsstoffe, Zusatzstoffe oder Farbstoffe! <\/p>\n<p>\t\t\t\t\t\t\t\t\t\t\t\t\t\t\t<img decoding=\"async\" width=\"1024\" height=\"1024\" src=\"https:\/\/relaisgourmet.com\/wp-content\/uploads\/2023\/11\/Design-sans-titre-4-1024x1024.png\" alt=\"\" loading=\"lazy\" srcset=\"https:\/\/relaisgourmet.com\/wp-content\/uploads\/2023\/11\/Design-sans-titre-4-1024x1024.png 1024w, https:\/\/relaisgourmet.com\/wp-content\/uploads\/2023\/11\/Design-sans-titre-4-300x300.png 300w, https:\/\/relaisgourmet.com\/wp-content\/uploads\/2023\/11\/Design-sans-titre-4-150x150.png 150w, https:\/\/relaisgourmet.com\/wp-content\/uploads\/2023\/11\/Design-sans-titre-4-768x768.png 768w, https:\/\/relaisgourmet.com\/wp-content\/uploads\/2023\/11\/Design-sans-titre-4-600x600.png 600w, https:\/\/relaisgourmet.com\/wp-content\/uploads\/2023\/11\/Design-sans-titre-4-100x100.png 100w, https:\/\/relaisgourmet.com\/wp-content\/uploads\/2023\/11\/Design-sans-titre-4.png 1080w\" sizes=\"auto, (max-width: 1024px) 100vw, 1024px\">\t\t\t\t\t\t\t\t\t\t\t\t\t\t\t<\/p>\n<h3>Forum der Weine und regionalen Produkte in Bois-Colombes, am 18. und 19. November.<\/h3>\n<p>Besuchen Sie uns auf dem 29. Forum der Weine und regionalen Produkte in Bois-Colombes am 18. und 19. November von 10 bis 19 Uhr im Sportkomplex Jean Jaur\u00e8s, Avenue Vaudreuil, mit all unseren 100% franz\u00f6sischen, handwerklichen Foies Gras und Gourmet-Aperitifs, ohne Konservierungsstoffe, Farbstoffe oder Zusatzstoffe! <\/p>\n<p>\t\t\t\t\t\t\t\t\t\t\t\t\t\t\t<img decoding=\"async\" width=\"1024\" height=\"1024\" src=\"https:\/\/relaisgourmet.com\/wp-content\/uploads\/2023\/11\/Design-sans-titre-5-1024x1024.png\" alt=\"\" loading=\"lazy\" srcset=\"https:\/\/relaisgourmet.com\/wp-content\/uploads\/2023\/11\/Design-sans-titre-5-1024x1024.png 1024w, https:\/\/relaisgourmet.com\/wp-content\/uploads\/2023\/11\/Design-sans-titre-5-300x300.png 300w, https:\/\/relaisgourmet.com\/wp-content\/uploads\/2023\/11\/Design-sans-titre-5-150x150.png 150w, https:\/\/relaisgourmet.com\/wp-content\/uploads\/2023\/11\/Design-sans-titre-5-768x768.png 768w, https:\/\/relaisgourmet.com\/wp-content\/uploads\/2023\/11\/Design-sans-titre-5-600x600.png 600w, https:\/\/relaisgourmet.com\/wp-content\/uploads\/2023\/11\/Design-sans-titre-5-100x100.png 100w, https:\/\/relaisgourmet.com\/wp-content\/uploads\/2023\/11\/Design-sans-titre-5.png 1080w\" sizes=\"auto, (max-width: 1024px) 100vw, 1024px\">\t\t\t\t\t\t\t\t\t\t\t\t\t\t\t<\/p>\n<h3>Besuchen Sie uns auf dem Salon des Vins et Produits R\u00e9gionaux de Morainvillers am 25. und 26. November!<\/h3>\n<p>Die Messe findet in der Salle des Loisirs in Morainvillers statt! <br \/>Besuchen Sie uns und entdecken Sie unsere k\u00f6stlichen Foies Gras und Gourmet-Aperitifs, 100% franz\u00f6sisch, ohne Konservierungsstoffe, Farbstoffe oder Zusatzstoffe! <\/p>\n<p>Wir sind am Samstag, den 25. November, von 10 bis 19 Uhr und am Sonntag, den 26. November, von 10 bis 17 Uhr vor Ort!<\/p>\n<p>\t\t\t\t\t\t\t\t\t\t\t\t\t\t\t<img decoding=\"async\" width=\"1024\" height=\"1024\" src=\"https:\/\/relaisgourmet.com\/wp-content\/uploads\/2023\/11\/Design-sans-titre-6-1024x1024.png\" alt=\"\" loading=\"lazy\" srcset=\"https:\/\/relaisgourmet.com\/wp-content\/uploads\/2023\/11\/Design-sans-titre-6-1024x1024.png 1024w, https:\/\/relaisgourmet.com\/wp-content\/uploads\/2023\/11\/Design-sans-titre-6-300x300.png 300w, https:\/\/relaisgourmet.com\/wp-content\/uploads\/2023\/11\/Design-sans-titre-6-150x150.png 150w, https:\/\/relaisgourmet.com\/wp-content\/uploads\/2023\/11\/Design-sans-titre-6-768x768.png 768w, https:\/\/relaisgourmet.com\/wp-content\/uploads\/2023\/11\/Design-sans-titre-6-600x600.png 600w, https:\/\/relaisgourmet.com\/wp-content\/uploads\/2023\/11\/Design-sans-titre-6-100x100.png 100w, https:\/\/relaisgourmet.com\/wp-content\/uploads\/2023\/11\/Design-sans-titre-6.png 1080w\" sizes=\"auto, (max-width: 1024px) 100vw, 1024px\"><\/p>\n","protected":false},"excerpt":{"rendered":"<p>Finden Sie hier alle Relais Gourmet-Veranstaltungen! Salon de la Roche Guyon, vom 3. bis 5. November. Kommen Sie uns auf der Wein- und Regionalprodukte-Messe im Salon de la Roche Guyon besuchen!Entdecken Sie all unsere 100% franz\u00f6sischen Foies Gras und Gourmet-Aperitifs, ohne Konservierungsstoffe, Zusatzstoffe oder Farbstoffe! Treffen Sie uns am Freitag, den 3. November von 16 [&hellip;]<\/p>\n","protected":false},"author":1,"featured_media":0,"parent":0,"menu_order":0,"comment_status":"open","ping_status":"closed","template":"","meta":{"footnotes":""},"class_list":["post-54158","page","type-page","status-publish","hentry"],"yoast_head":"<!-- This site is optimized with the Yoast SEO Premium plugin v27.4 (Yoast SEO v27.5) - https:\/\/yoast.com\/product\/yoast-seo-premium-wordpress\/ -->\n<title>Veranstaltungen von Relais Gourmet<\/title>\n<meta name=\"description\" content=\"Entdecken Sie alle unsere Relais Gourmet-Veranstaltungen, Messen, an denen wir teilnehmen, und wichtige Ank\u00fcndigungen aller Art!\" \/>\n<meta name=\"robots\" content=\"index, follow, max-snippet:-1, max-image-preview:large, max-video-preview:-1\" \/>\n<link rel=\"canonical\" href=\"https:\/\/relaisgourmet.com\/de\/veranstaltungen-von-relais-gourmet\/\" \/>\n<meta property=\"og:locale\" content=\"de_DE\" \/>\n<meta property=\"og:type\" content=\"article\" \/>\n<meta property=\"og:title\" content=\"Veranstaltungen von Relais Gourmet\" \/>\n<meta property=\"og:description\" content=\"Entdecken Sie alle unsere Relais Gourmet-Veranstaltungen, Messen, an denen wir teilnehmen, und wichtige Ank\u00fcndigungen aller Art!\" \/>\n<meta property=\"og:url\" content=\"https:\/\/relaisgourmet.com\/de\/veranstaltungen-von-relais-gourmet\/\" \/>\n<meta property=\"og:site_name\" content=\"Relais Gourmet\" \/>\n<meta property=\"article:publisher\" content=\"https:\/\/facebook.com\/yoast\" \/>\n<meta property=\"og:image\" content=\"https:\/\/relaisgourmet.com\/wp-content\/uploads\/2023\/11\/image.png\" \/>\n<meta name=\"twitter:card\" content=\"summary_large_image\" \/>\n<meta name=\"twitter:label1\" content=\"Gesch\u00e4tzte Lesezeit\" \/>\n\t<meta name=\"twitter:data1\" content=\"2\u00a0Minute\" \/>\n<script type=\"application\/ld+json\" class=\"yoast-schema-graph\">{\"@context\":\"https:\\\/\\\/schema.org\",\"@graph\":[{\"@type\":\"WebPage\",\"@id\":\"https:\\\/\\\/relaisgourmet.com\\\/de\\\/veranstaltungen-von-relais-gourmet\\\/\",\"url\":\"https:\\\/\\\/relaisgourmet.com\\\/de\\\/veranstaltungen-von-relais-gourmet\\\/\",\"name\":\"Veranstaltungen von Relais Gourmet\",\"isPartOf\":{\"@id\":\"https:\\\/\\\/relaisgourmet.com\\\/de\\\/#website\"},\"primaryImageOfPage\":{\"@id\":\"https:\\\/\\\/relaisgourmet.com\\\/de\\\/veranstaltungen-von-relais-gourmet\\\/#primaryimage\"},\"image\":{\"@id\":\"https:\\\/\\\/relaisgourmet.com\\\/de\\\/veranstaltungen-von-relais-gourmet\\\/#primaryimage\"},\"thumbnailUrl\":\"https:\\\/\\\/relaisgourmet.com\\\/wp-content\\\/uploads\\\/2023\\\/11\\\/image.png\",\"datePublished\":\"2023-11-03T08:30:00+00:00\",\"description\":\"Entdecken Sie alle unsere Relais Gourmet-Veranstaltungen, Messen, an denen wir teilnehmen, und wichtige Ank\u00fcndigungen aller Art!\",\"breadcrumb\":{\"@id\":\"https:\\\/\\\/relaisgourmet.com\\\/de\\\/veranstaltungen-von-relais-gourmet\\\/#breadcrumb\"},\"inLanguage\":\"de\",\"potentialAction\":[{\"@type\":\"ReadAction\",\"target\":[\"https:\\\/\\\/relaisgourmet.com\\\/de\\\/veranstaltungen-von-relais-gourmet\\\/\"]}]},{\"@type\":\"ImageObject\",\"inLanguage\":\"de\",\"@id\":\"https:\\\/\\\/relaisgourmet.com\\\/de\\\/veranstaltungen-von-relais-gourmet\\\/#primaryimage\",\"url\":\"https:\\\/\\\/relaisgourmet.com\\\/wp-content\\\/uploads\\\/2023\\\/11\\\/image.png\",\"contentUrl\":\"https:\\\/\\\/relaisgourmet.com\\\/wp-content\\\/uploads\\\/2023\\\/11\\\/image.png\"},{\"@type\":\"BreadcrumbList\",\"@id\":\"https:\\\/\\\/relaisgourmet.com\\\/de\\\/veranstaltungen-von-relais-gourmet\\\/#breadcrumb\",\"itemListElement\":[{\"@type\":\"ListItem\",\"position\":1,\"name\":\"Startseite\",\"item\":\"https:\\\/\\\/relaisgourmet.com\\\/de\\\/\"},{\"@type\":\"ListItem\",\"position\":2,\"name\":\"Veranstaltungen von Relais Gourmet\"}]},{\"@type\":\"WebSite\",\"@id\":\"https:\\\/\\\/relaisgourmet.com\\\/de\\\/#website\",\"url\":\"https:\\\/\\\/relaisgourmet.com\\\/de\\\/\",\"name\":\"Relais Gourmet\",\"description\":\"Maison Gastronomique au Pays-Basque Depuis 2004\",\"publisher\":{\"@id\":\"https:\\\/\\\/relaisgourmet.com\\\/de\\\/#organization\"},\"potentialAction\":[{\"@type\":\"SearchAction\",\"target\":{\"@type\":\"EntryPoint\",\"urlTemplate\":\"https:\\\/\\\/relaisgourmet.com\\\/de\\\/?s={search_term_string}\"},\"query-input\":{\"@type\":\"PropertyValueSpecification\",\"valueRequired\":true,\"valueName\":\"search_term_string\"}}],\"inLanguage\":\"de\"},{\"@type\":\"Organization\",\"@id\":\"https:\\\/\\\/relaisgourmet.com\\\/de\\\/#organization\",\"name\":\"Relais Gourmet\",\"url\":\"https:\\\/\\\/relaisgourmet.com\\\/de\\\/\",\"logo\":{\"@type\":\"ImageObject\",\"inLanguage\":\"de\",\"@id\":\"https:\\\/\\\/relaisgourmet.com\\\/de\\\/#\\\/schema\\\/logo\\\/image\\\/\",\"url\":\"https:\\\/\\\/relaisgourmet.com\\\/wp-content\\\/uploads\\\/2024\\\/11\\\/Diseno-sin-titulo-8.jpg\",\"contentUrl\":\"https:\\\/\\\/relaisgourmet.com\\\/wp-content\\\/uploads\\\/2024\\\/11\\\/Diseno-sin-titulo-8.jpg\",\"width\":500,\"height\":500,\"caption\":\"Relais Gourmet\"},\"image\":{\"@id\":\"https:\\\/\\\/relaisgourmet.com\\\/de\\\/#\\\/schema\\\/logo\\\/image\\\/\"},\"sameAs\":[\"https:\\\/\\\/facebook.com\\\/yoast\",\"https:\\\/\\\/instagram.com\\\/yoast\"]}]}<\/script>\n<!-- \/ Yoast SEO Premium plugin. -->","yoast_head_json":{"title":"Veranstaltungen von Relais Gourmet","description":"Entdecken Sie alle unsere Relais Gourmet-Veranstaltungen, Messen, an denen wir teilnehmen, und wichtige Ank\u00fcndigungen aller Art!","robots":{"index":"index","follow":"follow","max-snippet":"max-snippet:-1","max-image-preview":"max-image-preview:large","max-video-preview":"max-video-preview:-1"},"canonical":"https:\/\/relaisgourmet.com\/de\/veranstaltungen-von-relais-gourmet\/","og_locale":"de_DE","og_type":"article","og_title":"Veranstaltungen von Relais Gourmet","og_description":"Entdecken Sie alle unsere Relais Gourmet-Veranstaltungen, Messen, an denen wir teilnehmen, und wichtige Ank\u00fcndigungen aller Art!","og_url":"https:\/\/relaisgourmet.com\/de\/veranstaltungen-von-relais-gourmet\/","og_site_name":"Relais Gourmet","article_publisher":"https:\/\/facebook.com\/yoast","og_image":[{"url":"https:\/\/relaisgourmet.com\/wp-content\/uploads\/2023\/11\/image.png","type":"","width":"","height":""}],"twitter_card":"summary_large_image","twitter_misc":{"Gesch\u00e4tzte Lesezeit":"2\u00a0Minute"},"schema":{"@context":"https:\/\/schema.org","@graph":[{"@type":"WebPage","@id":"https:\/\/relaisgourmet.com\/de\/veranstaltungen-von-relais-gourmet\/","url":"https:\/\/relaisgourmet.com\/de\/veranstaltungen-von-relais-gourmet\/","name":"Veranstaltungen von Relais Gourmet","isPartOf":{"@id":"https:\/\/relaisgourmet.com\/de\/#website"},"primaryImageOfPage":{"@id":"https:\/\/relaisgourmet.com\/de\/veranstaltungen-von-relais-gourmet\/#primaryimage"},"image":{"@id":"https:\/\/relaisgourmet.com\/de\/veranstaltungen-von-relais-gourmet\/#primaryimage"},"thumbnailUrl":"https:\/\/relaisgourmet.com\/wp-content\/uploads\/2023\/11\/image.png","datePublished":"2023-11-03T08:30:00+00:00","description":"Entdecken Sie alle unsere Relais Gourmet-Veranstaltungen, Messen, an denen wir teilnehmen, und wichtige Ank\u00fcndigungen aller Art!","breadcrumb":{"@id":"https:\/\/relaisgourmet.com\/de\/veranstaltungen-von-relais-gourmet\/#breadcrumb"},"inLanguage":"de","potentialAction":[{"@type":"ReadAction","target":["https:\/\/relaisgourmet.com\/de\/veranstaltungen-von-relais-gourmet\/"]}]},{"@type":"ImageObject","inLanguage":"de","@id":"https:\/\/relaisgourmet.com\/de\/veranstaltungen-von-relais-gourmet\/#primaryimage","url":"https:\/\/relaisgourmet.com\/wp-content\/uploads\/2023\/11\/image.png","contentUrl":"https:\/\/relaisgourmet.com\/wp-content\/uploads\/2023\/11\/image.png"},{"@type":"BreadcrumbList","@id":"https:\/\/relaisgourmet.com\/de\/veranstaltungen-von-relais-gourmet\/#breadcrumb","itemListElement":[{"@type":"ListItem","position":1,"name":"Startseite","item":"https:\/\/relaisgourmet.com\/de\/"},{"@type":"ListItem","position":2,"name":"Veranstaltungen von Relais Gourmet"}]},{"@type":"WebSite","@id":"https:\/\/relaisgourmet.com\/de\/#website","url":"https:\/\/relaisgourmet.com\/de\/","name":"Relais Gourmet","description":"Maison Gastronomique au Pays-Basque Depuis 2004","publisher":{"@id":"https:\/\/relaisgourmet.com\/de\/#organization"},"potentialAction":[{"@type":"SearchAction","target":{"@type":"EntryPoint","urlTemplate":"https:\/\/relaisgourmet.com\/de\/?s={search_term_string}"},"query-input":{"@type":"PropertyValueSpecification","valueRequired":true,"valueName":"search_term_string"}}],"inLanguage":"de"},{"@type":"Organization","@id":"https:\/\/relaisgourmet.com\/de\/#organization","name":"Relais Gourmet","url":"https:\/\/relaisgourmet.com\/de\/","logo":{"@type":"ImageObject","inLanguage":"de","@id":"https:\/\/relaisgourmet.com\/de\/#\/schema\/logo\/image\/","url":"https:\/\/relaisgourmet.com\/wp-content\/uploads\/2024\/11\/Diseno-sin-titulo-8.jpg","contentUrl":"https:\/\/relaisgourmet.com\/wp-content\/uploads\/2024\/11\/Diseno-sin-titulo-8.jpg","width":500,"height":500,"caption":"Relais Gourmet"},"image":{"@id":"https:\/\/relaisgourmet.com\/de\/#\/schema\/logo\/image\/"},"sameAs":["https:\/\/facebook.com\/yoast","https:\/\/instagram.com\/yoast"]}]}},"_links":{"self":[{"href":"https:\/\/relaisgourmet.com\/de\/wp-json\/wp\/v2\/pages\/54158","targetHints":{"allow":["GET"]}}],"collection":[{"href":"https:\/\/relaisgourmet.com\/de\/wp-json\/wp\/v2\/pages"}],"about":[{"href":"https:\/\/relaisgourmet.com\/de\/wp-json\/wp\/v2\/types\/page"}],"author":[{"embeddable":true,"href":"https:\/\/relaisgourmet.com\/de\/wp-json\/wp\/v2\/users\/1"}],"replies":[{"embeddable":true,"href":"https:\/\/relaisgourmet.com\/de\/wp-json\/wp\/v2\/comments?post=54158"}],"version-history":[{"count":0,"href":"https:\/\/relaisgourmet.com\/de\/wp-json\/wp\/v2\/pages\/54158\/revisions"}],"wp:attachment":[{"href":"https:\/\/relaisgourmet.com\/de\/wp-json\/wp\/v2\/media?parent=54158"}],"curies":[{"name":"wp","href":"https:\/\/api.w.org\/{rel}","templated":true}]}}